{"id":8,"date":"2019-09-04T14:57:03","date_gmt":"2019-09-04T14:57:03","guid":{"rendered":"https:\/\/legrenierduphotographe.fr\/?p=8"},"modified":"2026-02-19T17:23:05","modified_gmt":"2026-02-19T17:23:05","slug":"tarifs","status":"publish","type":"page","link":"https:\/\/legrenierduphotographe.fr\/tarifs\/","title":{"rendered":"Tarifs"},"content":{"rendered":"<h1>Nos tarifs.<\/h1>\n<div>\n<div class=\"uk-overflow-auto\">\n<table class=\"uk-table uk-table-small uk-table-divider\">\n<thead>\n<tr>\n<th>Nombre de personnes<\/th>\n<th>Basse saison <br \/> Nuit\u00e9e<\/th>\n<th>Basse saison <br \/> Janvier \u00e0 Mars<\/th>\n<th>Haute saison <br \/> Nuit\u00e9e<\/th>\n<th>Haute saison <br \/> Avril \u00e0 mi-Novembre<\/th>\n<th>Saison des march\u00e9s de No\u00ebl <br \/> Nuit\u00e9e<\/th>\n<th>Saison des march\u00e9s de No\u00ebl <br \/> Dernier week-end de Novembre \u00e0 D\u00e9cembre<\/th>\n<\/tr>\n<\/thead>\n<tbody>\n<tr>\n<td>2 personnes<\/td>\n<td>105<\/td>\n<td>735 \u20ac \/ semaine<\/td>\n<td>125<\/td>\n<td>875 \u20ac \/ semaine<\/td>\n<td>200<\/td>\n<td>1400 \u20ac \/ semaine<\/td>\n<\/tr>\n<tr>\n<td>3 personnes<\/td>\n<td>125<\/td>\n<td>875 \u20ac \/ semaine<\/td>\n<td>145<\/td>\n<td>1015 \u20ac \/ semaine<\/td>\n<td>220<\/td>\n<td>1540 \u20ac \/ semaine<\/td>\n<\/tr>\n<tr>\n<td>4 personnes<\/td>\n<td>125<\/td>\n<td>875 \u20ac \/ semaine<\/td>\n<td>145<\/td>\n<td>1015 \u20ac \/ semaine<\/td>\n<td>220<\/td>\n<td>1540 \u20ac \/ semaine<\/td>\n<\/tr>\n<tr>\n<td>5 personnes<\/td>\n<td>140<\/td>\n<td>980 \u20ac \/ semaine<\/td>\n<td>160<\/td>\n<td>1120 \u20ac \/ semaine<\/td>\n<td>250<\/td>\n<td>1750 \u20ac \/ semaine<\/td>\n<\/tr>\n<tr>\n<td>6 personnes<\/td>\n<td>140<\/td>\n<td>980 \u20ac \/ semaine<\/td>\n<td>160<\/td>\n<td>1120 \u20ac \/ semaine<\/td>\n<td>250<\/td>\n<td>1750 \u20ac \/ semaine<\/td>\n<\/tr>\n<tr>\n<td>7 personnes<\/td>\n<td>160<\/td>\n<td>1120 \u20ac \/ semaine<\/td>\n<td>180<\/td>\n<td>1260 \u20ac \/ semaine<\/td>\n<td>270<\/td>\n<td>1890 \u20ac \/ semaine<\/td>\n<\/tr>\n<tr>\n<td>8 personnes<\/td>\n<td>160<\/td>\n<td>1120 \u20ac \/ semaine<\/td>\n<td>180<\/td>\n<td>1260 \u20ac \/ semaine<\/td>\n<td>270<\/td>\n<td>1890 \u20ac \/ semaine<\/td>\n<\/tr>\n<\/tbody>\n<\/table>\n<\/div>\n<\/div>\n<div>\n<p>Acompte 30% une semaine avant la date pr\u00e9vue d\u2019arriv\u00e9e.<\/p>\n<\/div>\n<div>\n<p>        <img src=\"\/wp-content\/uploads\/2021\/02\/Petit-dejeuner-4-fumee-scaled.jpg\" alt=\"\"><\/p>\n<\/div>\n<h2>\n<p>Petit d\u00e9jeuner<\/p>\n<\/h2>\n<div>\n<p>Toujours dans un souci de vous faciliter la vie et de vous rendre votre s\u00e9jour encore plus agr\u00e9able, optez pour notre option <strong>Petit D\u00e9jeuner Alsacien Maison<\/strong>\u00a0!<\/p>\n<p>En Alsace, on affectionne particuli\u00e8rement le moment du petit d\u00e9jeuner, et pendant les vacances encore plus ! Nous vous proposons donc pour votre premier matin de profiter en avant-premi\u00e8re des douceurs alsaciennes locales : assortiment de confitures artisanales, caf\u00e9, th\u00e9, jus de fruits, chocolat artisanal, pain d\u2019\u00e9pices, bredalas (petits g\u00e2teaux alsaciens), manneles (brioches alsaciennes en forme de petits bonhommes), petits pains au lait, c\u00e9r\u00e9ales, fruits de saison, pain frais, yaourts fermiers. L\u2019ensemble des produits issus directement des artisans et producteurs locaux, certifi\u00e9s bio, et pour certains prim\u00e9s !\u00a0<\/p>\n<p>Tarif : 20\u20ac\/personne &#8211; minimum 40\u20ac (personne seule)<\/p>\n<\/div>\n<h3>Heures d&rsquo;arriv\u00e9e et de d\u00e9part<\/h3>\n<div>\n<p>La location du g\u00eete se fait pour 3 nuits minimum.<\/p>\n<ul>\n<li>Heure d\u2019arriv\u00e9e : de 16h \u00e0 19h00<\/li>\n<li>Heure de d\u00e9part : avant 10h<\/li>\n<li>N\u2019h\u00e9sitez pas \u00e0 nous contacter en cas de demande particuli\u00e8re pour les heures d\u2019arriv\u00e9e et de d\u00e9part!<\/li>\n<\/ul>\n<\/div>\n<p>\n    <a href=\"\/contact\/\">Nous contacter<\/a>\n<\/p>\n<div>\n<p>        <img src=\"\/wp-content\/uploads\/2021\/07\/Notre-Gite-EXT-8W.jpg\" alt=\"\"><\/p>\n<\/div>\n<p>\n    <a href=\"\/contact\/\">R\u00e9server<\/a>\n<\/p>\n<h2>Ils nous font confiance.<\/h2>\n<div>\n<div style=\"color: black;\" class=\"uk-position-relative uk-visible-toggle uk-light\" tabindex=\"-1\"\n    uk-slider=\"center: true\"><\/p>\n<ul class=\"uk-slider-items uk-grid\">\n<li class=\"uk-width-4-4\">\n<div class=\"uk-panel\">\n<h3 style=\"color:black;\">Pauline, Fabien &#038; Co<\/h3>\n<p> Merci pour le petit d\u00e9jeuner royal plein de bonnes choses du coin et les d\u00e9couvertes gustatives. L\u2019appartement est spacieux et bien am\u00e9nag\u00e9, on s\u2019y sent bien. La d\u00e9co et les expos photos y sont pour beaucoup. Mention sp\u00e9ciale pour les belles petites attentions diss\u00e9min\u00e9es un peu partout. Chaque pi\u00e8ce a son charme et son lot de petites phrases pleines d\u2019ondes positives. Id\u00e9alement situ\u00e9 \u00e0 KB comme disent les locaux, on n\u2019avait pas per\u00e7u \u00e0 quel point c\u2019\u00e9tait dans le centre : belle surprise ! Merci infiniment pour le pr\u00eat des raquettes, ce fut la cerise sur le g\u00e2teau de notre s\u00e9jour : la neige !<\/p>\n<div class=\"uk-position-center uk-panel\" style=\"padding-top: 1rem;\"><\/div>\n<\/p><\/div>\n<\/li>\n<li class=\"uk-width-4-4\">\n<div class=\"uk-panel\">\n<h3 style=\"color:black;\">Famille N.<\/h3>\n<p>C\u2019est un immense plaisir que d\u2019avoir inaugur\u00e9 votre g\u00eete magnifique. Nous nous souviendrons longtemps de ce No\u00ebl magique. Nous vous remercions pour la gentillesse dont vous avez fait preuve [\u2026].<\/p>\n<div class=\"uk-position-center uk-panel\" style=\"padding-top: 1rem;\"><\/div>\n<\/p><\/div>\n<\/li>\n<li class=\"uk-width-4-4\">\n<div class=\"uk-panel\">\n<h3 style=\"color:black;\">Famille N.<\/h3>\n<p>Lorem ipsum dolor sit, amet consectetur adipisicing elit. Praesentium voluptas illum minima, fugit<br \/>\n                    laudantium deserunt quis vitae? Odit quasi vel doloremque, doloribus, pariatur laudantium ipsam,<br \/>\n                    tempora quas numquam placeat voluptatem.<\/p>\n<div class=\"uk-position-center uk-panel\" style=\"padding-top: 1rem;\"><\/div>\n<\/p><\/div>\n<\/li>\n<\/ul>\n<p>    <a class=\"uk-position-center-left uk-position-small uk-hidden-hover\" href=\"#\" uk-slidenav-previous\n        uk-slider-item=\"previous\"><\/a><br \/>\n    <a class=\"uk-position-center-right uk-position-small uk-hidden-hover\" href=\"#\" uk-slidenav-next\n        uk-slider-item=\"next\"><\/a><\/p>\n<\/div>\n<\/div>\n<p><!-- {\"name\":\"FAQ\",\"type\":\"layout\",\"children\":[{\"type\":\"section\",\"props\":{\"style\":\"default\",\"width\":\"default\",\"vertical_align\":\"middle\",\"title_position\":\"top-left\",\"title_rotation\":\"left\",\"title_breakpoint\":\"xl\",\"image_position\":\"center-center\",\"padding_remove_horizontal\":false,\"padding_remove_bottom\":true,\"padding_remove_top\":false},\"children\":[{\"type\":\"row\",\"children\":[{\"type\":\"column\",\"props\":{\"image_position\":\"center-center\",\"media_overlay_gradient\":\"\",\"width_medium\":\"\"},\"children\":[{\"type\":\"headline\",\"props\":{\"title_element\":\"h1\",\"content\":\"Nos tarifs.\",\"title_style\":\"heading-medium\"}}]}]}]},{\"type\":\"section\",\"props\":{\"style\":\"default\",\"width\":\"default\",\"vertical_align\":\"middle\",\"title_position\":\"top-left\",\"title_rotation\":\"left\",\"title_breakpoint\":\"xl\",\"image_position\":\"center-center\"},\"children\":[{\"type\":\"row\",\"children\":[{\"type\":\"column\",\"props\":{\"image_position\":\"center-center\",\"media_overlay_gradient\":\"\"},\"children\":[{\"type\":\"html\",\"props\":{\"content\":\"\n\n<div class=\\\"uk-overflow-auto\\\">\\n    \n\n<table class=\\\"uk-table uk-table-small uk-table-divider\\\">\\n        \n\n<thead>\\n            \n\n<tr>\\n                \n\n<th>Nombre de personnes<\\\/th>\\n                \n\n<th>Basse saison <br \/> Nuit\\u00e9e<\\\/th>\\n                \n\n<th>Basse saison <br \/> Janvier \\u00e0 Mars<\\\/th>\\n                \n\n<th>Haute saison <br \/> Nuit\\u00e9e<\\\/th>\\n                \n\n<th>Haute saison <br \/> Avril \\u00e0 mi-Novembre<\\\/th>\\n                 \n\n<th>Saison des march\\u00e9s de No\\u00ebl <br \/> Nuit\\u00e9e<\\\/th>\\n                \n\n<th>Saison des march\\u00e9s de No\\u00ebl <br \/> Dernier week-end de Novembre \\u00e0 D\\u00e9cembre<\\\/th>\\n     \\n            <\\\/tr>\\n        <\\\/thead>\\n        \n\n<tbody>\\n            \n\n<tr>\\n                \n\n<td>2 personnes<\\\/td>\\n                \n\n<td>105<\\\/td>\\n                \n\n<td>735 \\u20ac \\\/ semaine<\\\/td>\\n                \n\n<td>125<\\\/td>\\n                \n\n<td>875 \\u20ac \\\/ semaine<\\\/td>\\n                \n\n<td>200<\\\/td>\\n                \n\n<td>1400 \\u20ac \\\/ semaine<\\\/td>\\n            <\\\/tr>\\n            \n\n<tr>\\n                \n\n<td>3 personnes<\\\/td>\\n                \n\n<td>125<\\\/td>\\n                \n\n<td>875 \\u20ac \\\/ semaine<\\\/td>\\n                \n\n<td>145<\\\/td>\\n                \n\n<td>1015 \\u20ac \\\/ semaine<\\\/td>\\n                \n\n<td>220<\\\/td>\\n                \n\n<td>1540 \\u20ac \\\/ semaine<\\\/td>\\n            <\\\/tr>\\n            \n\n<tr>\\n                \n\n<td>4 personnes<\\\/td>\\n                \n\n<td>125<\\\/td>\\n                \n\n<td>875 \\u20ac \\\/ semaine<\\\/td>\\n                \n\n<td>145<\\\/td>\\n                \n\n<td>1015 \\u20ac \\\/ semaine<\\\/td>\\n                \n\n<td>220<\\\/td>\\n                \n\n<td>1540 \\u20ac \\\/ semaine<\\\/td>\\n            <\\\/tr>\\n            \n\n<tr>\\n                \n\n<td>5 personnes<\\\/td>\\n                \n\n<td>140<\\\/td>\\n                \n\n<td>980 \\u20ac \\\/ semaine<\\\/td>\\n                \n\n<td>160<\\\/td>\\n                \n\n<td>1120 \\u20ac \\\/ semaine<\\\/td>\\n                \n\n<td>250<\\\/td>\\n                \n\n<td>1750 \\u20ac \\\/ semaine<\\\/td>\\n            <\\\/tr>\\n            \n\n<tr>\\n                \n\n<td>6 personnes<\\\/td>\\n                \n\n<td>140<\\\/td>\\n                \n\n<td>980 \\u20ac \\\/ semaine<\\\/td>\\n                \n\n<td>160<\\\/td>\\n                \n\n<td>1120 \\u20ac \\\/ semaine<\\\/td>\\n                \n\n<td>250<\\\/td>\\n                \n\n<td>1750 \\u20ac \\\/ semaine<\\\/td>\\n            <\\\/tr>\\n            \n\n<tr>\\n                \n\n<td>7 personnes<\\\/td>\\n                \n\n<td>160<\\\/td>\\n                \n\n<td>1120 \\u20ac \\\/ semaine<\\\/td>\\n                \n\n<td>180<\\\/td>\\n                \n\n<td>1260 \\u20ac \\\/ semaine<\\\/td>\\n                \n\n<td>270<\\\/td>\\n                \n\n<td>1890 \\u20ac \\\/ semaine<\\\/td>\\n            <\\\/tr>\\n            \n\n<tr>\\n                \n\n<td>8 personnes<\\\/td>\\n                \n\n<td>160<\\\/td>\\n                \n\n<td>1120 \\u20ac \\\/ semaine<\\\/td>\\n                \n\n<td>180<\\\/td>\\n                \n\n<td>1260 \\u20ac \\\/ semaine<\\\/td>\\n                \n\n<td>270<\\\/td>\\n                \n\n<td>1890 \\u20ac \\\/ semaine<\\\/td>\\n            <\\\/tr>\\n        <\\\/tbody>\\n    <\\\/table>\\n<\\\/div>\"}},{\"type\":\"text\",\"props\":{\"margin\":\"default\",\"column_breakpoint\":\"m\",\"content\":\"\n\n<p>Acompte 30% une semaine avant la date pr\\u00e9vue d\\u2019arriv\\u00e9e.<\\\/p>\"}}]}]}]},{\"type\":\"section\",\"props\":{\"style\":\"default\",\"width\":\"default\",\"vertical_align\":\"middle\",\"title_position\":\"top-left\",\"title_rotation\":\"left\",\"title_breakpoint\":\"xl\",\"image_position\":\"center-center\"},\"children\":[{\"type\":\"row\",\"props\":{\"layout\":\"1-2,1-2\"},\"children\":[{\"type\":\"column\",\"props\":{\"image_position\":\"center-center\",\"media_overlay_gradient\":\"\",\"width_medium\":\"1-2\"},\"children\":[{\"type\":\"overlay\",\"props\":{\"link_text\":\"Read more\",\"overlay_mode\":\"cover\",\"overlay_hover\":false,\"overlay_style\":\"\",\"text_color\":\"light\",\"overlay_position\":\"center\",\"overlay_transition\":\"fade\",\"title_hover_style\":\"reset\",\"title_element\":\"h3\",\"meta_style\":\"meta\",\"meta_align\":\"below-title\",\"meta_element\":\"div\",\"link_style\":\"default\",\"text_align\":\"center\",\"margin\":\"default\",\"image\":\"wp-content\\\/uploads\\\/2021\\\/02\\\/Petit-dejeuner-4-fumee-scaled.jpg\",\"image_height\":\"700\",\"image_width\":\"600\"}}]},{\"type\":\"column\",\"props\":{\"image_position\":\"center-center\",\"media_overlay_gradient\":\"\",\"width_medium\":\"1-2\"},\"children\":[{\"type\":\"headline\",\"props\":{\"title_element\":\"h2\",\"content\":\"\n\n<p>Petit d\\u00e9jeuner<\\\/p>\",\"title_style\":\"h2\"}},{\"type\":\"text\",\"props\":{\"margin\":\"default\",\"column_breakpoint\":\"m\",\"content\":\"\n\n<p>Toujours dans un souci de vous faciliter la vie et de vous rendre votre s\\u00e9jour encore plus agr\\u00e9able, optez pour notre option <strong>Petit D\\u00e9jeuner Alsacien Maison<\\\/strong>\\u00a0!<\\\/p>\\n\n\n<p>En Alsace, on affectionne particuli\\u00e8rement le moment du petit d\\u00e9jeuner, et pendant les vacances encore plus ! Nous vous proposons donc pour votre premier matin de profiter en avant-premi\\u00e8re des douceurs alsaciennes locales : assortiment de confitures artisanales, caf\\u00e9, th\\u00e9, jus de fruits, chocolat artisanal, pain d\\u2019\\u00e9pices, bredalas (petits g\\u00e2teaux alsaciens), manneles (brioches alsaciennes en forme de petits bonhommes), petits pains au lait, c\\u00e9r\\u00e9ales, fruits de saison, pain frais, yaourts fermiers. L\\u2019ensemble des produits issus directement des artisans et producteurs locaux, certifi\\u00e9s bio, et pour certains prim\\u00e9s !\\u00a0<\\\/p>\\n\n\n<p>Tarif : 20\\u20ac\\\/personne - minimum 40\\u20ac (personne seule)<\\\/p>\"}}]}]}]},{\"type\":\"section\",\"props\":{\"style\":\"default\",\"width\":\"default\",\"vertical_align\":\"middle\",\"title_position\":\"top-left\",\"title_rotation\":\"left\",\"title_breakpoint\":\"xl\",\"image_position\":\"center-center\",\"padding_remove_top\":true},\"children\":[{\"type\":\"row\",\"children\":[{\"type\":\"column\",\"props\":{\"image_position\":\"center-center\",\"media_overlay_gradient\":\"\",\"width_medium\":\"1-2\"},\"children\":[{\"type\":\"headline\",\"props\":{\"title_element\":\"h3\",\"content\":\"Heures d'arriv\\u00e9e et de d\\u00e9part\",\"title_style\":\"h4\"}},{\"type\":\"text\",\"props\":{\"margin\":\"default\",\"column_breakpoint\":\"m\",\"content\":\"\n\n<p>La location du g\\u00eete se fait pour 3 nuits minimum.<\\\/p>\\n\n\n<ul>\\n\n\n<li>Heure d\\u2019arriv\\u00e9e : de 16h \\u00e0 19h00<\\\/li>\\n\n\n<li>Heure de d\\u00e9part : avant 10h<\\\/li>\\n\n\n<li>N\\u2019h\\u00e9sitez pas \\u00e0 nous contacter en cas de demande particuli\\u00e8re pour les heures d\\u2019arriv\\u00e9e et de d\\u00e9part!<\\\/li>\\n<\\\/ul>\"}},{\"type\":\"button\",\"props\":{\"grid_column_gap\":\"small\",\"grid_row_gap\":\"small\",\"margin\":\"default\"},\"children\":[{\"type\":\"button_item\",\"props\":{\"button_style\":\"secondary\",\"icon_align\":\"left\",\"content\":\"Nous contacter\",\"link\":\"contact\\\/\"}}]}]},{\"type\":\"column\",\"props\":{\"image_position\":\"center-center\",\"media_overlay_gradient\":\"\",\"width_medium\":\"1-2\"},\"children\":[{\"type\":\"overlay\",\"props\":{\"link_text\":\"Read more\",\"overlay_mode\":\"cover\",\"overlay_hover\":false,\"overlay_style\":\"\",\"text_color\":\"light\",\"overlay_position\":\"center\",\"overlay_transition\":\"fade\",\"title_hover_style\":\"reset\",\"title_element\":\"h3\",\"meta_style\":\"meta\",\"meta_align\":\"below-title\",\"meta_element\":\"div\",\"link_style\":\"default\",\"text_align\":\"center\",\"margin\":\"default\",\"image\":\"wp-content\\\/uploads\\\/2021\\\/07\\\/Notre-Gite-EXT-8W.jpg\",\"image_height\":\"400\",\"image_width\":\"auto\"}},{\"type\":\"button\",\"props\":{\"grid_column_gap\":\"small\",\"grid_row_gap\":\"small\",\"margin\":\"default\"},\"children\":[{\"type\":\"button_item\",\"props\":{\"button_style\":\"default\",\"icon_align\":\"right\",\"content\":\"R\\u00e9server\",\"link\":\"contact\\\/\",\"icon\":\"mail\"}}]}]}],\"props\":{\"layout\":\"1-2,1-2\"}}]},{\"type\":\"section\",\"props\":{\"style\":\"default\",\"width\":\"default\",\"vertical_align\":\"middle\",\"title_position\":\"top-left\",\"title_rotation\":\"left\",\"title_breakpoint\":\"xl\",\"image_position\":\"center-center\"},\"children\":[{\"type\":\"row\",\"children\":[{\"type\":\"column\",\"props\":{\"image_position\":\"center-center\",\"media_overlay_gradient\":\"\"},\"children\":[{\"type\":\"headline\",\"props\":{\"title_element\":\"h2\",\"content\":\"Ils nous font confiance.\",\"title_style\":\"h3\"},\"modified\":\"2021-02-03T13:41:16.722Z\",\"name\":\"confiance\"},{\"type\":\"html\",\"props\":{\"content\":\"\n\n<div style=\\\"color: black;\\\" class=\\\"uk-position-relative uk-visible-toggle uk-light\\\" tabindex=\\\"-1\\\"\\n    uk-slider=\\\"center: true\\\">\\n\\n    \n\n<ul class=\\\"uk-slider-items uk-grid\\\">\\n        \n\n<li class=\\\"uk-width-4-4\\\">\\n            \n\n<div class=\\\"uk-panel\\\">\\n                \n\n<h3 style=\\\"color:black;\\\">Pauline, Fabien & Co<\\\/h3>\\n                \n\n<p> Merci pour le petit d\\u00e9jeuner royal plein de bonnes choses du coin et les d\\u00e9couvertes gustatives. L\\u2019appartement est spacieux et bien am\\u00e9nag\\u00e9, on s\\u2019y sent bien. La d\\u00e9co et les expos photos y sont pour beaucoup. Mention sp\\u00e9ciale pour les belles petites attentions diss\\u00e9min\\u00e9es un peu partout. Chaque pi\\u00e8ce a son charme et son lot de petites phrases pleines d\\u2019ondes positives. Id\\u00e9alement situ\\u00e9 \\u00e0 KB comme disent les locaux, on n\\u2019avait pas per\\u00e7u \\u00e0 quel point c\\u2019\\u00e9tait dans le centre : belle surprise ! Merci infiniment pour le pr\\u00eat des raquettes, ce fut la cerise sur le g\\u00e2teau de notre s\\u00e9jour : la neige !<\\\/p>\\n                \n\n<div class=\\\"uk-position-center uk-panel\\\" style=\\\"padding-top: 1rem;\\\">\\n\\n                <\\\/div>\\n            <\\\/div>\\n        <\\\/li>\\n        \n\n<li class=\\\"uk-width-4-4\\\">\\n            \n\n<div class=\\\"uk-panel\\\">\\n                 \n\n<h3 style=\\\"color:black;\\\">Famille N.<\\\/h3>\\n                \n\n<p>C\\u2019est un immense plaisir que d\\u2019avoir inaugur\\u00e9 votre g\\u00eete magnifique. Nous nous souviendrons longtemps de ce No\\u00ebl magique. Nous vous remercions pour la gentillesse dont vous avez fait preuve [\\u2026].<\\\/p>\\n                \n\n<div class=\\\"uk-position-center uk-panel\\\" style=\\\"padding-top: 1rem;\\\">\\n\\n                <\\\/div>\\n            <\\\/div>\\n        <\\\/li>\\n        \n\n<li class=\\\"uk-width-4-4\\\">\\n            \n\n<div class=\\\"uk-panel\\\">\\n                 \n\n<h3 style=\\\"color:black;\\\">Famille N.<\\\/h3>\\n                \n\n<p>Lorem ipsum dolor sit, amet consectetur adipisicing elit. Praesentium voluptas illum minima, fugit\\n                    laudantium deserunt quis vitae? Odit quasi vel doloremque, doloribus, pariatur laudantium ipsam,\\n                    tempora quas numquam placeat voluptatem.<\\\/p>\\n                \n\n<div class=\\\"uk-position-center uk-panel\\\" style=\\\"padding-top: 1rem;\\\">\\n\\n                <\\\/div>\\n            <\\\/div>\\n        <\\\/li>\\n        \\n\\n    <\\\/ul>\\n\\n    <a class=\\\"uk-position-center-left uk-position-small uk-hidden-hover\\\" href=\\\"#\\\" uk-slidenav-previous\\n        uk-slider-item=\\\"previous\\\"><\\\/a>\\n    <a class=\\\"uk-position-center-right uk-position-small uk-hidden-hover\\\" href=\\\"#\\\" uk-slidenav-next\\n        uk-slider-item=\\\"next\\\"><\\\/a>\\n\\n<\\\/div>\"},\"modified\":\"2021-02-09T12:48:09.329Z\",\"name\":\"slide\"}]}]}]}],\"version\":\"2.3.25\"} --><\/p>\n","protected":false},"excerpt":{"rendered":"<p>Nos tarifs. Nombre de personnes Basse saison Nuit\u00e9e Basse saison Janvier \u00e0 Mars Haute saison Nuit\u00e9e Haute saison Avril \u00e0 mi-Novembre Saison des march\u00e9s de No\u00ebl Nuit\u00e9e Saison des march\u00e9s de No\u00ebl Dernier week-end de Novembre \u00e0 D\u00e9cembre 2 personnes 105 735 \u20ac \/ semaine 125 875 \u20ac \/ semaine 200 1400 \u20ac \/ semaine [&hellip;]<\/p>\n","protected":false},"author":1,"featured_media":0,"parent":0,"menu_order":12,"comment_status":"open","ping_status":"open","template":"","meta":[],"acf":[],"yoast_head":"<!-- This site is optimized with the Yoast SEO plugin v15.9 - https:\/\/yoast.com\/wordpress\/plugins\/seo\/ -->\n<title>Location vacances Kaysersberg (68) - Tarifs du g\u00eete<\/title>\n<meta name=\"description\" content=\"Tarifs de la location du g\u00eete de 2 \u00e0 8 personnes en plein Kaysersberg, et optez pour notre formule de petit d\u00e9jeuner int\u00e9grer\" \/>\n<meta name=\"robots\" content=\"index, follow, max-snippet:-1, max-image-preview:large, max-video-preview:-1\" \/>\n<link rel=\"canonical\" href=\"https:\/\/legrenierduphotographe.fr\/tarifs\/\" \/>\n<meta property=\"og:locale\" content=\"fr_FR\" \/>\n<meta property=\"og:type\" content=\"article\" \/>\n<meta property=\"og:title\" content=\"Location vacances Kaysersberg (68) - Tarifs du g\u00eete\" \/>\n<meta property=\"og:description\" content=\"Tarifs de la location du g\u00eete de 2 \u00e0 8 personnes en plein Kaysersberg, et optez pour notre formule de petit d\u00e9jeuner int\u00e9grer\" \/>\n<meta property=\"og:url\" content=\"https:\/\/legrenierduphotographe.fr\/tarifs\/\" \/>\n<meta property=\"og:site_name\" content=\"Legrenierduphotographe\" \/>\n<meta property=\"article:modified_time\" content=\"2026-02-19T17:23:05+00:00\" \/>\n<meta property=\"og:image\" content=\"https:\/\/legrenierduphotographe.fr\/wp-content\/uploads\/2021\/02\/Petit-dejeuner-4-fumee-scaled.jpg\" \/>\n<meta name=\"twitter:card\" content=\"summary_large_image\" \/>\n<meta name=\"twitter:label1\" content=\"Dur\u00e9e de lecture est.\">\n\t<meta name=\"twitter:data1\" content=\"2 minutes\">\n<script type=\"application\/ld+json\" class=\"yoast-schema-graph\">{\"@context\":\"https:\/\/schema.org\",\"@graph\":[{\"@type\":\"WebSite\",\"@id\":\"https:\/\/legrenierduphotographe.fr\/#website\",\"url\":\"https:\/\/legrenierduphotographe.fr\/\",\"name\":\"Legrenierduphotographe\",\"description\":\"Grenier du photographe\",\"potentialAction\":[{\"@type\":\"SearchAction\",\"target\":\"https:\/\/legrenierduphotographe.fr\/?s={search_term_string}\",\"query-input\":\"required name=search_term_string\"}],\"inLanguage\":\"fr-FR\"},{\"@type\":\"ImageObject\",\"@id\":\"https:\/\/legrenierduphotographe.fr\/tarifs\/#primaryimage\",\"inLanguage\":\"fr-FR\",\"url\":\"\/wp-content\/uploads\/2021\/02\/Petit-dejeuner-4-fumee-scaled.jpg\"},{\"@type\":\"WebPage\",\"@id\":\"https:\/\/legrenierduphotographe.fr\/tarifs\/#webpage\",\"url\":\"https:\/\/legrenierduphotographe.fr\/tarifs\/\",\"name\":\"Location vacances Kaysersberg (68) - Tarifs du g\\u00eete\",\"isPartOf\":{\"@id\":\"https:\/\/legrenierduphotographe.fr\/#website\"},\"primaryImageOfPage\":{\"@id\":\"https:\/\/legrenierduphotographe.fr\/tarifs\/#primaryimage\"},\"datePublished\":\"2019-09-04T14:57:03+00:00\",\"dateModified\":\"2026-02-19T17:23:05+00:00\",\"description\":\"Tarifs de la location du g\\u00eete de 2 \\u00e0 8 personnes en plein Kaysersberg, et optez pour notre formule de petit d\\u00e9jeuner int\\u00e9grer\",\"breadcrumb\":{\"@id\":\"https:\/\/legrenierduphotographe.fr\/tarifs\/#breadcrumb\"},\"inLanguage\":\"fr-FR\",\"potentialAction\":[{\"@type\":\"ReadAction\",\"target\":[\"https:\/\/legrenierduphotographe.fr\/tarifs\/\"]}]},{\"@type\":\"BreadcrumbList\",\"@id\":\"https:\/\/legrenierduphotographe.fr\/tarifs\/#breadcrumb\",\"itemListElement\":[{\"@type\":\"ListItem\",\"position\":1,\"item\":{\"@type\":\"WebPage\",\"@id\":\"https:\/\/legrenierduphotographe.fr\/\",\"url\":\"https:\/\/legrenierduphotographe.fr\/\",\"name\":\"Accueil\"}},{\"@type\":\"ListItem\",\"position\":2,\"item\":{\"@type\":\"WebPage\",\"@id\":\"https:\/\/legrenierduphotographe.fr\/tarifs\/\",\"url\":\"https:\/\/legrenierduphotographe.fr\/tarifs\/\",\"name\":\"Tarifs\"}}]}]}<\/script>\n<!-- \/ Yoast SEO plugin. -->","_links":{"self":[{"href":"https:\/\/legrenierduphotographe.fr\/wp-json\/wp\/v2\/pages\/8"}],"collection":[{"href":"https:\/\/legrenierduphotographe.fr\/wp-json\/wp\/v2\/pages"}],"about":[{"href":"https:\/\/legrenierduphotographe.fr\/wp-json\/wp\/v2\/types\/page"}],"author":[{"embeddable":true,"href":"https:\/\/legrenierduphotographe.fr\/wp-json\/wp\/v2\/users\/1"}],"replies":[{"embeddable":true,"href":"https:\/\/legrenierduphotographe.fr\/wp-json\/wp\/v2\/comments?post=8"}],"version-history":[{"count":103,"href":"https:\/\/legrenierduphotographe.fr\/wp-json\/wp\/v2\/pages\/8\/revisions"}],"predecessor-version":[{"id":2439,"href":"https:\/\/legrenierduphotographe.fr\/wp-json\/wp\/v2\/pages\/8\/revisions\/2439"}],"wp:attachment":[{"href":"https:\/\/legrenierduphotographe.fr\/wp-json\/wp\/v2\/media?parent=8"}],"curies":[{"name":"wp","href":"https:\/\/api.w.org\/{rel}","templated":true}]}}