{"id":6,"date":"2019-09-04T14:57:03","date_gmt":"2019-09-04T14:57:03","guid":{"rendered":"https:\/\/legrenierduphotographe.fr\/?p=6"},"modified":"2021-09-24T14:05:39","modified_gmt":"2021-09-24T14:05:39","slug":"gite","status":"publish","type":"page","link":"https:\/\/legrenierduphotographe.fr\/gite\/","title":{"rendered":"Le g\u00eete"},"content":{"rendered":"<div>\n<p>    <img src=\"\/wp-content\/uploads\/2021\/02\/Le-grenier-du-photographe-scaled.jpg\" alt=\"\"><\/p>\n<h1>Le g\u00eete.<\/h1>\n<p>Pi\u00e8ce de vie<\/p>\n<div>\n<p>Vous souhaitez louer un appartement de vacances pittoresque en Alsace ? Concilier vacances, art et culture, et photos de famille ? Le Grenier du Photographe est fait pour vous !<\/p>\n<\/div>\n<p><a href=\"https:\/\/storage.net-fs.com\/hosting\/6462822\/0\/\">Faire la visite virtuelle du g\u00eete<\/a><\/p>\n<\/div>\n<div>Un g\u00eete convivial :<\/div>\n<div>En couple, en famille ou entre amis, notre g\u00eete peut accueillir jusqu\u2019\u00e0 8 personnes, pour vos courts et longs s\u00e9jours dans notre belle r\u00e9gion viticole et montagnarde.<\/div>\n<div>\n<p>        <img src=\"\/wp-content\/uploads\/2021\/02\/Gite-a-Noel-14-scaled.jpg\" alt=\"\"><\/p>\n<\/div>\n<div>\n<p>        <img src=\"\/wp-content\/uploads\/2021\/07\/Notre-Gite-EXT-1W.jpg\" alt=\"\"><\/p>\n<\/div>\n<div>\n<p>        <img src=\"\/wp-content\/uploads\/2021\/02\/chambre-enfants-2-scaled.jpg\" alt=\"\"><\/p>\n<\/div>\n<div>\n<p>        <img src=\"\/wp-content\/uploads\/2021\/02\/Le-grenier-du-photographe-9-scaled.jpg\" alt=\"\"><\/p>\n<\/div>\n<h2>Un grenier pas comme les autres<\/h2>\n<div>Au dernier \u00e9tage d\u2019une maison<br \/>\nalsacienne typique, profitez de cet agr\u00e9able appartement duplex de 127m2 au charme douillet<br \/>\net atypique, avec sa terrasse ouverte sur un jardin suspendu adoss\u00e9 aux murailles du ch\u00e2teau<br \/>\nde Kaysersberg.<\/div>\n<div>\n<h3>Spacieux &#038; lumineux.<\/h3>\n<div>Au rez-de chauss\u00e9e, une grande<br \/>\npi\u00e8ce \u00e0 vivre, avec salon, cuisine, chemin\u00e9e, salle \u00e0 manger, salle de bain WC. A l\u2019\u00e9tage, ouverte<br \/>\nsur une mezzanine lumineuse, 2 chambres \u00e0 coucher cosy, avec douche et WC<\/div>\n<\/div>\n<h3>\n<h3 class=\"el-title uk-margin-top uk-margin-remove-bottom\">Spacieux &amp; lumineux.<\/h3>\n<\/h3>\n<div>\n<p>Au rez-de chauss\u00e9e, une grande pi\u00e8ce \u00e0 vivre, avec salon, cuisine, chemin\u00e9e, salle \u00e0 manger, salle de bain WC. A l\u2019\u00e9tage, ouverte sur une mezzanine lumineuse, 2 chambres \u00e0 coucher cosy, avec douche et WC<\/p>\n<\/div>\n<p><img src=\"\/wp-content\/uploads\/2021\/02\/Le-grenier-du-photographe.-14-scaled.jpg\" alt=\"\"><\/p>\n<h2>Tout confort et particuli\u00e8rement adapt\u00e9 aux familles.<\/h2>\n<div>Voyagez l\u00e9ger, n\u2019emmenez que le strict minimum, notre g\u00eete dispose de tout le mat\u00e9riel<br \/>\nadapt\u00e9 pour vous accueillir en famille, en toute s\u00e9curit\u00e9 et toute simplicit\u00e9, car ici, au pays de<br \/>\nNo\u00ebl, les enfants sont rois !<\/div>\n<div>Animaux non admis &#8211; Logement non-fumeur.<\/div>\n<p>\n    <a href=\"\/special-famille\/\">Pour les familles<\/a>\n<\/p>\n<ul>\n<li>\n<h3>L&rsquo;\u00e9quipement<\/h3>\n<\/li>\n<li>\n<div>Cuisine enti\u00e8rement \u00e9quip\u00e9e (micro-ondes, four, lave-vaiselle, frigo)<\/div>\n<\/li>\n<li>\n<div>Vaisselle, bouilloire, machine \u00e0 caf\u00e9, appareil \u00e0 raclette, appareil \u00e0 fondue<\/div>\n<\/li>\n<li>\n<div>Vaste s\u00e9jour, avec chemin\u00e9e et biblioth\u00e8que, livres et jeux de soci\u00e9t\u00e9<\/div>\n<\/li>\n<li>\n<div>Canap\u00e9 convertible dans le s\u00e9jour pouvant accueillir 2 personnes suppl\u00e9mentaires<\/div>\n<\/li>\n<li>\n<div>TV &#038; WiFi<\/div>\n<\/li>\n<li>\n<div>Linge de maison : literie et serviettes de toilettes<\/div>\n<\/li>\n<li>\n<div>S\u00e8che-cheveux<\/div>\n<\/li>\n<li>\n<div>N\u00e9cessaire de toilette : gel douche, shampoing, savon pour les mains<\/div>\n<\/li>\n<li>\n<div>Poussettes, porte-b\u00e9b\u00e9, \u00e9charpe de portage, babyphone<\/div>\n<\/li>\n<\/ul>\n<div>\n<p>        <img src=\"\/wp-content\/uploads\/2021\/07\/Notre-Gite-EXT-13W.jpg\" alt=\"\"><\/p>\n<\/div>\n<h2>Projetez vous.<\/h2>\n<div>\n<p>Projetez vous en consultant notre grille tarifaire d\u00e9taill\u00e9e. Plusieurs options s&rsquo;offrent \u00e0 vous !<\/p>\n<\/div>\n<p>\n    <a href=\"\/tarifs\/\">Nos tarifs<\/a>\n<\/p>\n<div>Un g\u00eete d\u2019artistes<\/div>\n<p>\n    <a href=\"\/prestations\/\">D\u00e9couvrir nos prestations<\/a>\n<\/p>\n<div>\n<p>        <img src=\"\/wp-content\/uploads\/2021\/02\/Cocci-NB-1-scaled.jpg\" alt=\"\"><\/p>\n<\/div>\n<h2>Appelez, r\u00e9servez et vivez une exp\u00e9rience inoubliable en Alsace.<\/h2>\n<ul>\n<li>\n        <a href=\"\/contact\/\">R\u00e9server par mail<\/a>\n    <\/li>\n<li>\n        <a href=\"\/contact\/\">R\u00e9server au +33 6 33 54 40 66<\/a>\n    <\/li>\n<\/ul>\n<div>\n<p>Notre g\u00eete est un lieu d\u00e9di\u00e9 \u00e0 l\u2019univers de la photographie, dans sa d\u00e9coration, sa biblioth\u00e8que, sa galerie d\u2019art \u00e9ph\u00e9m\u00e8re avec ses expos photos temporaires, mettant en lumi\u00e8re les artistes photographes locaux, mais aussi les artisans artistes de la ville.<\/p>\n<\/div>\n<div>\n<p>        <img src=\"\/wp-content\/uploads\/2021\/09\/Gite-1-scaled.jpg\" alt=\"\"><\/p>\n<\/div>\n<div>\n<p>        <img src=\"\/wp-content\/uploads\/2021\/02\/Cigogne-24-scaled.jpg\" alt=\"\"><\/p>\n<\/div>\n<h2>Ils nous font confiance.<\/h2>\n<div>\n<div style=\"color: black;\" class=\"uk-position-relative uk-visible-toggle uk-light\" tabindex=\"-1\"\n    uk-slider=\"center: true\"><\/p>\n<ul class=\"uk-slider-items uk-grid\">\n<li class=\"uk-width-4-4\">\n<div class=\"uk-panel\">\n<h3 style=\"color:black;\">Pauline, Fabien &#038; Co<\/h3>\n<p> Merci pour le petit d\u00e9jeuner royal plein de bonnes choses du coin et les d\u00e9couvertes gustatives. L\u2019appartement est spacieux et bien am\u00e9nag\u00e9, on s\u2019y sent bien. La d\u00e9co et les expos photos y sont pour beaucoup. Mention sp\u00e9ciale pour les belles petites attentions diss\u00e9min\u00e9es un peu partout. Chaque pi\u00e8ce a son charme et son lot de petites phrases pleines d\u2019ondes positives. Id\u00e9alement situ\u00e9 \u00e0 KB comme disent les locaux, on n\u2019avait pas per\u00e7u \u00e0 quel point c\u2019\u00e9tait dans le centre : belle surprise ! Merci infiniment pour le pr\u00eat des raquettes, ce fut la cerise sur le g\u00e2teau de notre s\u00e9jour : la neige !<\/p>\n<div class=\"uk-position-center uk-panel\" style=\"padding-top: 1rem;\"><\/div>\n<\/p><\/div>\n<\/li>\n<li class=\"uk-width-4-4\">\n<div class=\"uk-panel\">\n<h3 style=\"color:black;\">Famille N.<\/h3>\n<p>C\u2019est un immense plaisir que d\u2019avoir inaugur\u00e9 votre g\u00eete magnifique. Nous nous souviendrons longtemps de ce No\u00ebl magique. Nous vous remercions pour la gentillesse dont vous avez fait preuve [\u2026].<\/p>\n<div class=\"uk-position-center uk-panel\" style=\"padding-top: 1rem;\"><\/div>\n<\/p><\/div>\n<\/li>\n<li class=\"uk-width-4-4\">\n<div class=\"uk-panel\">\n<h3 style=\"color:black;\">Famille N.<\/h3>\n<p>Lorem ipsum dolor sit, amet consectetur adipisicing elit. Praesentium voluptas illum minima, fugit<br \/>\n                    laudantium deserunt quis vitae? Odit quasi vel doloremque, doloribus, pariatur laudantium ipsam,<br \/>\n                    tempora quas numquam placeat voluptatem.<\/p>\n<div class=\"uk-position-center uk-panel\" style=\"padding-top: 1rem;\"><\/div>\n<\/p><\/div>\n<\/li>\n<\/ul>\n<p>    <a class=\"uk-position-center-left uk-position-small uk-hidden-hover\" href=\"#\" uk-slidenav-previous\n        uk-slider-item=\"previous\"><\/a><br \/>\n    <a class=\"uk-position-center-right uk-position-small uk-hidden-hover\" href=\"#\" uk-slidenav-next\n        uk-slider-item=\"next\"><\/a><\/p>\n<\/div>\n<\/div>\n<p><!-- {\"name\":\"home\",\"type\":\"layout\",\"children\":[{\"name\":\"Hero\",\"type\":\"section\",\"props\":{\"style\":\"default\",\"width\":\"\",\"vertical_align\":\"middle\",\"title_position\":\"top-left\",\"title_rotation\":\"left\",\"title_breakpoint\":\"xl\",\"image_position\":\"center-center\",\"padding\":\"none\",\"padding_remove_top\":false},\"children\":[{\"name\":\"\",\"type\":\"row\",\"children\":[{\"name\":\"\",\"type\":\"column\",\"props\":{\"image_position\":\"center-center\",\"media_overlay_gradient\":\"\",\"width_medium\":\"1-1\"},\"children\":[{\"name\":\"\",\"type\":\"slideshow\",\"props\":{\"show_title\":true,\"show_meta\":false,\"show_content\":true,\"show_link\":true,\"show_thumbnail\":true,\"slideshow_min_height\":\"600\",\"slideshow_autoplay_pause\":false,\"nav\":\"dotnav\",\"nav_position\":\"bottom-center\",\"nav_position_margin\":\"medium\",\"nav_align\":\"center\",\"nav_breakpoint\":\"xl\",\"thumbnav_width\":\"100\",\"thumbnav_height\":\"75\",\"slidenav\":\"bottom-left\",\"slidenav_margin\":\"\",\"slidenav_breakpoint\":\"m\",\"slidenav_outside_breakpoint\":\"xl\",\"overlay_position\":\"bottom-right\",\"overlay_animation\":\"parallax\",\"title_element\":\"h1\",\"meta_style\":\"meta\",\"meta_align\":\"above-title\",\"link_text\":\"Read more\",\"link_style\":\"text\",\"margin\":\"medium\",\"overlay_style\":\"tile-default\",\"overlay_padding\":\"large\",\"overlay_width\":\"xlarge\",\"overlay_margin\":\"none\",\"title_style\":\"heading-xlarge\",\"link_target\":false,\"slideshow_height\":\"full\",\"nav_below\":false,\"slidenav_large\":true,\"overlay_container\":\"\",\"slideshow_autoplay\":true,\"slideshow_animation\":\"fade\",\"image_width\":\"2560\",\"image_height\":\"1440\",\"thumbnav_svg_color\":\"emphasis\",\"title_margin\":\"small\",\"slideshow_box_shadow\":\"\",\"slideshow_box_decoration\":\"\",\"slideshow_kenburns\":\"\",\"nav_margin\":\"\",\"nav_color\":\"\",\"slidenav_outside_color\":\"\",\"overlay_container_padding\":\"\",\"link_margin\":\"large\",\"meta_element\":\"div\",\"content_style\":\"lead\",\"content_margin\":\"xlarge\"},\"children\":[{\"name\":\"\",\"type\":\"slideshow_item\",\"props\":{\"image\":\"wp-content\\\/uploads\\\/2021\\\/02\\\/Le-grenier-du-photographe-scaled.jpg\",\"title\":\"Le g\\u00eete.\",\"meta\":\"Pi\\u00e8ce de vie\",\"link\":\"https:\\\/\\\/storage.net-fs.com\\\/hosting\\\/6462822\\\/0\\\/\",\"link_text\":\"Faire la visite virtuelle du g\\u00eete\",\"content\":\"\n\n<p>Vous souhaitez louer un appartement de vacances pittoresque en Alsace ? Concilier vacances, art et culture, et photos de famille ? Le Grenier du Photographe est fait pour vous !<\\\/p>\"}}]}]}]}]},{\"name\":\"About\",\"type\":\"section\",\"props\":{\"style\":\"default\",\"width\":\"xlarge\",\"vertical_align\":\"middle\",\"title_position\":\"top-left\",\"title_rotation\":\"left\",\"title_breakpoint\":\"xl\",\"image_position\":\"top-right\",\"padding\":\"large\",\"image\":\"\",\"image_effect\":\"parallax\",\"image_parallax_bgx_start\":\"-80\",\"image_parallax_bgy_start\":\"150\",\"image_parallax_bgx_end\":\"-80\",\"image_parallax_bgy_end\":\"400\",\"image_visibility\":\"s\",\"animation\":\"slide-left-medium\",\"animation_delay\":true,\"css\":\"@media(min-width: 960px) {\\n\\t.el-section > div { padding-top: 30px; }\\n}\\n\\n\",\"padding_remove_bottom\":false,\"padding_remove_top\":false,\"padding_remove_horizontal\":false},\"children\":[{\"name\":\"\",\"type\":\"row\",\"props\":{\"layout\":\"1-2,1-2\",\"column_gap\":\"large\",\"row_gap\":\"large\"},\"children\":[{\"name\":\"\",\"type\":\"column\",\"props\":{\"image_position\":\"center-center\",\"media_overlay_gradient\":\"\",\"width_medium\":\"1-2\"},\"children\":[{\"name\":\"\",\"type\":\"headline\",\"props\":{\"title_element\":\"div\",\"content\":\"Un g\\u00eete convivial :\",\"margin\":\"remove-vertical\",\"title_style\":\"h2\"}},{\"name\":\"\",\"type\":\"text\",\"props\":{\"margin\":\"large\",\"column_breakpoint\":\"m\",\"content\":\"En couple, en famille ou entre amis, notre g\\u00eete peut accueillir jusqu\\u2019\\u00e0 8 personnes, pour vos courts et longs s\\u00e9jours dans notre belle r\\u00e9gion viticole et montagnarde.\",\"maxwidth\":\"medium\"}},{\"type\":\"overlay\",\"props\":{\"link_text\":\"Read more\",\"overlay_mode\":\"cover\",\"overlay_hover\":false,\"overlay_style\":\"\",\"text_color\":\"light\",\"overlay_position\":\"center\",\"overlay_transition\":\"fade\",\"title_hover_style\":\"reset\",\"title_element\":\"h3\",\"meta_style\":\"meta\",\"meta_align\":\"below-title\",\"meta_element\":\"div\",\"link_style\":\"default\",\"text_align\":\"center\",\"margin\":\"default\",\"image\":\"wp-content\\\/uploads\\\/2021\\\/02\\\/Gite-a-Noel-14-scaled.jpg\",\"image_height\":\"600\"}},{\"type\":\"overlay\",\"props\":{\"link_text\":\"Read more\",\"overlay_mode\":\"cover\",\"overlay_hover\":false,\"overlay_style\":\"\",\"text_color\":\"light\",\"overlay_position\":\"center\",\"overlay_transition\":\"fade\",\"title_hover_style\":\"reset\",\"title_element\":\"h3\",\"meta_style\":\"meta\",\"meta_align\":\"below-title\",\"meta_element\":\"div\",\"link_style\":\"default\",\"text_align\":\"center\",\"margin\":\"default\",\"image\":\"wp-content\\\/uploads\\\/2021\\\/07\\\/Notre-Gite-EXT-1W.jpg\",\"image_height\":\"600\"}}]},{\"name\":\"\",\"type\":\"column\",\"props\":{\"image_position\":\"center-center\",\"image\":\"\",\"media_overlay_gradient\":\"\",\"width_medium\":\"1-2\"},\"children\":[{\"type\":\"overlay\",\"props\":{\"link_text\":\"Read more\",\"overlay_mode\":\"cover\",\"overlay_hover\":false,\"overlay_style\":\"\",\"text_color\":\"light\",\"overlay_position\":\"center\",\"overlay_transition\":\"fade\",\"title_hover_style\":\"reset\",\"title_element\":\"h3\",\"meta_style\":\"meta\",\"meta_align\":\"below-title\",\"meta_element\":\"div\",\"link_style\":\"default\",\"text_align\":\"center\",\"margin\":\"default\",\"image\":\"wp-content\\\/uploads\\\/2021\\\/02\\\/chambre-enfants-2-scaled.jpg\",\"image_width\":\"800\",\"image_height\":\"600\"}},{\"type\":\"overlay\",\"props\":{\"link_text\":\"Read more\",\"overlay_mode\":\"cover\",\"overlay_hover\":false,\"overlay_style\":\"\",\"text_color\":\"light\",\"overlay_position\":\"center\",\"overlay_transition\":\"fade\",\"title_hover_style\":\"reset\",\"title_element\":\"h3\",\"meta_style\":\"meta\",\"meta_align\":\"below-title\",\"meta_element\":\"div\",\"link_style\":\"default\",\"text_align\":\"center\",\"margin\":\"default\",\"image\":\"wp-content\\\/uploads\\\/2021\\\/02\\\/Le-grenier-du-photographe-9-scaled.jpg\"}},{\"type\":\"headline\",\"props\":{\"title_element\":\"h2\",\"content\":\"Un grenier pas comme les autres\",\"title_style\":\"h3\"}},{\"type\":\"text\",\"props\":{\"margin\":\"default\",\"column_breakpoint\":\"m\",\"content\":\"Au dernier \\u00e9tage d\\u2019une maison\\nalsacienne typique, profitez de cet agr\\u00e9able appartement duplex de 127m2 au charme douillet\\net atypique, avec sa terrasse ouverte sur un jardin suspendu adoss\\u00e9 aux murailles du ch\\u00e2teau\\nde Kaysersberg.\"}}]}]}]},{\"type\":\"section\",\"props\":{\"style\":\"default\",\"width\":\"default\",\"vertical_align\":\"middle\",\"title_position\":\"top-left\",\"title_rotation\":\"left\",\"title_breakpoint\":\"xl\",\"image_position\":\"center-center\",\"overlap\":true,\"padding_remove_bottom\":true,\"padding_remove_top\":true,\"height\":\"expand\"},\"children\":[{\"type\":\"row\",\"children\":[{\"type\":\"column\",\"props\":{\"image_position\":\"center-center\",\"media_overlay_gradient\":\"\"},\"children\":[{\"type\":\"panel\",\"props\":{\"link_text\":\"Read more\",\"title_hover_style\":\"reset\",\"title_element\":\"h3\",\"title_align\":\"top\",\"title_grid_width\":\"1-2\",\"title_grid_breakpoint\":\"m\",\"meta_style\":\"meta\",\"meta_align\":\"below-title\",\"meta_element\":\"div\",\"content_column_breakpoint\":\"m\",\"icon_width\":80,\"image_align\":\"top\",\"image_grid_width\":\"1-2\",\"image_grid_breakpoint\":\"m\",\"image_svg_color\":\"emphasis\",\"link_style\":\"default\",\"margin\":\"default\",\"panel_size\":\"small\",\"position\":\"absolute\",\"maxwidth\":\"medium\",\"position_right\":\"520\",\"content\":\"Au rez-de chauss\\u00e9e, une grande\\npi\\u00e8ce \\u00e0 vivre, avec salon, cuisine, chemin\\u00e9e, salle \\u00e0 manger, salle de bain WC. A l\\u2019\\u00e9tage, ouverte\\nsur une mezzanine lumineuse, 2 chambres \\u00e0 coucher cosy, avec douche et WC\",\"title\":\"Spacieux & lumineux.\",\"position_bottom\":\"-290\",\"css\":\".el-element {\\n \\tbackground-color: white;   \\n    padding: 35px;\\n}\",\"maxwidth_breakpoint\":\"m\",\"visibility\":\"l\"}}]}]}]},{\"type\":\"section\",\"props\":{\"style\":\"default\",\"width\":\"default\",\"vertical_align\":\"middle\",\"title_position\":\"top-left\",\"title_rotation\":\"left\",\"title_breakpoint\":\"xl\",\"image_position\":\"center-center\",\"padding_remove_top\":true,\"padding_remove_bottom\":false,\"overlap\":false,\"css\":\".el-section {\\n\\tmargin-top: -50px;\\n}\"},\"children\":[{\"type\":\"row\",\"props\":{\"margin\":\"default\",\"width\":\"default\",\"margin_remove_top\":false,\"margin_remove_bottom\":false},\"children\":[{\"type\":\"column\",\"props\":{\"image_position\":\"center-center\",\"media_overlay_gradient\":\"\"},\"children\":[{\"type\":\"headline\",\"props\":{\"title_element\":\"h3\",\"content\":\"\n\n<h3 class=\\\"el-title uk-margin-top uk-margin-remove-bottom\\\">Spacieux &amp; lumineux.<\\\/h3>\",\"visibility\":\"hidden-l\"}},{\"type\":\"text\",\"props\":{\"margin\":\"default\",\"column_breakpoint\":\"m\",\"content\":\"\n\n<p>Au rez-de chauss\\u00e9e, une grande pi\\u00e8ce \\u00e0 vivre, avec salon, cuisine, chemin\\u00e9e, salle \\u00e0 manger, salle de bain WC. A l\\u2019\\u00e9tage, ouverte sur une mezzanine lumineuse, 2 chambres \\u00e0 coucher cosy, avec douche et WC<\\\/p>\",\"visibility\":\"hidden-l\"}}]}]}]},{\"type\":\"section\",\"props\":{\"style\":\"default\",\"width\":\"default\",\"vertical_align\":\"middle\",\"title_position\":\"top-left\",\"title_rotation\":\"left\",\"title_breakpoint\":\"xl\",\"image_position\":\"center-center\",\"padding_remove_horizontal\":true,\"padding_remove_top\":true,\"header_transparent_noplaceholder\":false,\"overlap\":false},\"children\":[{\"type\":\"row\",\"children\":[{\"type\":\"column\",\"props\":{\"image_position\":\"center-center\",\"media_overlay_gradient\":\"\"},\"children\":[{\"type\":\"image\",\"props\":{\"margin\":\"default\",\"image_svg_color\":\"emphasis\",\"image\":\"wp-content\\\/uploads\\\/2021\\\/02\\\/Le-grenier-du-photographe.-14-scaled.jpg\",\"block_align\":\"center\"}}]}]}]},{\"type\":\"section\",\"props\":{\"style\":\"default\",\"width\":\"default\",\"vertical_align\":\"\",\"title_position\":\"top-left\",\"title_rotation\":\"left\",\"title_breakpoint\":\"xl\",\"image_position\":\"center-center\",\"overlap\":false,\"padding_remove_bottom\":false,\"padding_remove_top\":false},\"children\":[{\"type\":\"row\",\"props\":{\"layout\":\"1-2,1-2\"},\"children\":[{\"type\":\"column\",\"props\":{\"image_position\":\"center-center\",\"media_overlay_gradient\":\"\",\"width_medium\":\"1-2\"},\"children\":[{\"type\":\"headline\",\"props\":{\"title_element\":\"h2\",\"content\":\"Tout confort et particuli\\u00e8rement adapt\\u00e9 aux familles.\",\"title_style\":\"h2\"}},{\"type\":\"text\",\"props\":{\"margin\":\"default\",\"column_breakpoint\":\"m\",\"content\":\"Voyagez l\\u00e9ger, n\\u2019emmenez que le strict minimum, notre g\\u00eete dispose de tout le mat\\u00e9riel\\nadapt\\u00e9 pour vous accueillir en famille, en toute s\\u00e9curit\\u00e9 et toute simplicit\\u00e9, car ici, au pays de\\nNo\\u00ebl, les enfants sont rois !\",\"maxwidth\":\"medium\"}},{\"type\":\"text\",\"props\":{\"margin\":\"default\",\"column_breakpoint\":\"m\",\"content\":\"Animaux non admis - Logement non-fumeur.\",\"text_color\":\"primary\",\"maxwidth\":\"large\"}},{\"type\":\"button\",\"props\":{\"grid_column_gap\":\"small\",\"grid_row_gap\":\"small\",\"margin\":\"default\"},\"children\":[{\"type\":\"button_item\",\"props\":{\"button_style\":\"secondary\",\"icon_align\":\"left\",\"content\":\"Pour les familles\",\"link\":\"special-famille\\\/\"}}]}]},{\"type\":\"column\",\"props\":{\"image_position\":\"center-center\",\"media_overlay_gradient\":\"\",\"width_medium\":\"1-2\"},\"children\":[{\"type\":\"description_list\",\"props\":{\"show_title\":true,\"show_meta\":false,\"show_content\":true,\"show_link\":false,\"list_element\":\"ul\",\"column_breakpoint\":\"m\",\"layout\":\"grid-2\",\"title_grid_width\":\"auto\",\"title_grid_column_gap\":\"small\",\"title_grid_row_gap\":\"small\",\"title_element\":\"h2\",\"meta_style\":\"meta\",\"meta_align\":\"below-content\",\"list_marker\":\"\",\"list_style\":\"divider\",\"content_style\":\"meta\",\"css\":\".el-element {\\n\\t\\n    background-color: #F4F4F4;\\n    padding:25px;\\n}\\n.el-content {\\n\\tcolor:black;  \\n    \\n    font-size:14px;\\n}\\n.el-title {\\n    color:black !important;\\n}\",\"list_size\":\"\",\"margin_remove_top\":false,\"margin_remove_bottom\":false,\"position_top\":\"-250\",\"margin\":\"small\",\"maxwidth\":\"xlarge\",\"title_style\":\"h2\",\"title_color\":\"muted\",\"list_marker_color\":\"\"},\"children\":[{\"type\":\"description_list_item\",\"props\":{\"title\":\"L'\\u00e9quipement\",\"content\":\"\"}},{\"type\":\"description_list_item\",\"props\":{\"title\":\"\",\"content\":\"Cuisine enti\\u00e8rement \\u00e9quip\\u00e9e (micro-ondes, four, lave-vaiselle, frigo)\"}},{\"type\":\"description_list_item\",\"props\":{\"title\":\"\",\"content\":\"Vaisselle, bouilloire, machine \\u00e0 caf\\u00e9, appareil \\u00e0 raclette, appareil \\u00e0 fondue\"}},{\"type\":\"description_list_item\",\"props\":{\"title\":\"\",\"content\":\"Vaste s\\u00e9jour, avec chemin\\u00e9e et biblioth\\u00e8que, livres et jeux de soci\\u00e9t\\u00e9\"}},{\"type\":\"description_list_item\",\"props\":{\"title\":\"\",\"content\":\"Canap\\u00e9 convertible dans le s\\u00e9jour pouvant accueillir 2 personnes suppl\\u00e9mentaires\"}},{\"type\":\"description_list_item\",\"props\":{\"title\":\"\",\"content\":\"TV & WiFi\"}},{\"type\":\"description_list_item\",\"props\":{\"title\":\"\",\"content\":\"Linge de maison : literie et serviettes de toilettes\"}},{\"type\":\"description_list_item\",\"props\":{\"title\":\"\",\"content\":\"S\\u00e8che-cheveux\"}},{\"type\":\"description_list_item\",\"props\":{\"title\":\"\",\"content\":\"N\\u00e9cessaire de toilette : gel douche, shampoing, savon pour les mains\"}},{\"type\":\"description_list_item\",\"props\":{\"title\":\"\",\"content\":\"Poussettes, porte-b\\u00e9b\\u00e9, \\u00e9charpe de portage, babyphone\"}}]}]}]}]},{\"type\":\"section\",\"props\":{\"style\":\"default\",\"width\":\"large\",\"vertical_align\":\"middle\",\"title_position\":\"top-left\",\"title_rotation\":\"left\",\"title_breakpoint\":\"xl\",\"image_position\":\"top-left\",\"image\":\"wp-content\\\/uploads\\\/yootheme\\\/home-services-bg.svg\",\"image_visibility\":\"l\",\"padding_remove_top\":true,\"padding_remove_bottom\":true},\"children\":[{\"type\":\"row\",\"props\":{\"layout\":\"2-3,1-3\"},\"children\":[{\"type\":\"column\",\"props\":{\"image_position\":\"center-center\",\"media_overlay_gradient\":\"\",\"width_medium\":\"2-3\"},\"children\":[{\"type\":\"overlay\",\"props\":{\"link_text\":\"Read more\",\"overlay_mode\":\"cover\",\"overlay_hover\":false,\"overlay_style\":\"\",\"text_color\":\"light\",\"overlay_position\":\"center\",\"overlay_transition\":\"fade\",\"title_hover_style\":\"reset\",\"title_element\":\"h3\",\"meta_style\":\"meta\",\"meta_align\":\"below-title\",\"meta_element\":\"div\",\"link_style\":\"default\",\"text_align\":\"center\",\"margin\":\"default\",\"image\":\"wp-content\\\/uploads\\\/2021\\\/07\\\/Notre-Gite-EXT-13W.jpg\",\"image_width\":\"auto\"}}]},{\"type\":\"column\",\"props\":{\"image_position\":\"center-center\",\"media_overlay_gradient\":\"\",\"width_medium\":\"1-3\"},\"children\":[{\"type\":\"headline\",\"props\":{\"title_element\":\"h2\",\"content\":\"Projetez vous.\",\"title_style\":\"h1\"}},{\"type\":\"text\",\"props\":{\"margin\":\"default\",\"column_breakpoint\":\"m\",\"content\":\"\n\n<p>Projetez vous en consultant notre grille tarifaire d\\u00e9taill\\u00e9e. Plusieurs options s'offrent \\u00e0 vous !<\\\/p>\"}},{\"type\":\"button\",\"props\":{\"grid_column_gap\":\"small\",\"grid_row_gap\":\"small\",\"margin\":\"default\"},\"children\":[{\"type\":\"button_item\",\"props\":{\"button_style\":\"secondary\",\"icon_align\":\"left\",\"content\":\"Nos tarifs\",\"link\":\"tarifs\\\/\"}}]}]}]}]},{\"name\":\"Portfolio\",\"type\":\"section\",\"props\":{\"style\":\"default\",\"width\":\"\",\"vertical_align\":\"middle\",\"title_position\":\"top-left\",\"title_rotation\":\"left\",\"title_breakpoint\":\"xl\",\"image_position\":\"center-center\",\"padding_remove_top\":false,\"animation\":\"slide-bottom-medium\",\"animation_delay\":true},\"children\":[{\"name\":\"\",\"type\":\"row\",\"props\":{\"layout\":\"2-3,1-3\",\"margin\":\"large\",\"width\":\"xlarge\",\"match\":false,\"vertical_align\":false,\"class\":\"uk-flex-bottom\"},\"children\":[{\"name\":\"\",\"type\":\"column\",\"props\":{\"image_position\":\"center-center\",\"media_overlay_gradient\":\"\",\"width_medium\":\"2-3\"},\"children\":[{\"name\":\"\",\"type\":\"headline\",\"props\":{\"title_element\":\"div\",\"content\":\"Un g\\u00eete d\\u2019artistes\",\"maxwidth\":\"xlarge\",\"margin\":\"remove-vertical\",\"title_style\":\"h3\"}}]},{\"name\":\"\",\"type\":\"column\",\"props\":{\"image_position\":\"center-center\",\"media_overlay_gradient\":\"\",\"width_medium\":\"1-3\"},\"children\":[{\"name\":\"\",\"type\":\"button\",\"props\":{\"margin\":\"default\",\"text_align\":\"right\",\"text_align_breakpoint\":\"m\",\"grid_column_gap\":\"small\",\"grid_row_gap\":\"small\"},\"children\":[{\"name\":\"\",\"type\":\"button_item\",\"props\":{\"button_style\":\"secondary\",\"icon_align\":\"left\",\"content\":\"D\\u00e9couvrir nos prestations\",\"link\":\"prestations\\\/\"}}]}]}]},{\"type\":\"row\",\"props\":{\"layout\":\"1-3,2-3\",\"width\":\"xlarge\"},\"children\":[{\"type\":\"column\",\"props\":{\"image_position\":\"center-center\",\"media_overlay_gradient\":\"\",\"width_medium\":\"1-3\"},\"children\":[{\"type\":\"overlay\",\"props\":{\"link_text\":\"Read more\",\"overlay_mode\":\"cover\",\"overlay_hover\":false,\"overlay_style\":\"\",\"text_color\":\"light\",\"overlay_position\":\"center\",\"overlay_transition\":\"fade\",\"title_hover_style\":\"reset\",\"title_element\":\"h3\",\"meta_style\":\"meta\",\"meta_align\":\"below-title\",\"meta_element\":\"div\",\"link_style\":\"default\",\"text_align\":\"center\",\"margin\":\"default\",\"image\":\"wp-content\\\/uploads\\\/2021\\\/02\\\/Cocci-NB-1-scaled.jpg\",\"maxwidth\":\"large\",\"image_height\":\"500\",\"image_width\":\"750\"}},{\"type\":\"headline\",\"props\":{\"title_element\":\"h2\",\"content\":\"Appelez, r\\u00e9servez et vivez une exp\\u00e9rience inoubliable en Alsace.\",\"title_style\":\"h3\"}},{\"type\":\"button\",\"props\":{\"grid_column_gap\":\"small\",\"grid_row_gap\":\"small\",\"margin\":\"default\"},\"children\":[{\"type\":\"button_item\",\"props\":{\"button_style\":\"default\",\"icon_align\":\"right\",\"content\":\"R\\u00e9server par mail\",\"icon\":\"mail\",\"link\":\"contact\\\/\"}},{\"type\":\"button_item\",\"props\":{\"button_style\":\"secondary\",\"icon_align\":\"left\",\"content\":\"R\\u00e9server au +33 6 33 54 40 66\",\"link\":\"contact\\\/\"}}]}]},{\"type\":\"column\",\"props\":{\"image_position\":\"center-center\",\"media_overlay_gradient\":\"\",\"width_medium\":\"2-3\"},\"children\":[{\"type\":\"text\",\"props\":{\"margin\":\"default\",\"column_breakpoint\":\"m\",\"content\":\"\n\n<p>Notre g\\u00eete est un lieu d\\u00e9di\\u00e9 \\u00e0 l\\u2019univers de la photographie, dans sa d\\u00e9coration, sa biblioth\\u00e8que, sa galerie d\\u2019art \\u00e9ph\\u00e9m\\u00e8re avec ses expos photos temporaires, mettant en lumi\\u00e8re les artistes photographes locaux, mais aussi les artisans artistes de la ville.<\\\/p>\"}},{\"type\":\"overlay\",\"props\":{\"link_text\":\"Read more\",\"overlay_mode\":\"cover\",\"overlay_hover\":false,\"overlay_style\":\"\",\"text_color\":\"light\",\"overlay_position\":\"center\",\"overlay_transition\":\"fade\",\"title_hover_style\":\"reset\",\"title_element\":\"h3\",\"meta_style\":\"meta\",\"meta_align\":\"below-title\",\"meta_element\":\"div\",\"link_style\":\"default\",\"text_align\":\"center\",\"margin\":\"default\",\"image\":\"wp-content\\\/uploads\\\/2021\\\/09\\\/Gite-1-scaled.jpg\",\"maxwidth\":\"xlarge\"}},{\"type\":\"overlay\",\"props\":{\"link_text\":\"Read more\",\"overlay_mode\":\"cover\",\"overlay_hover\":false,\"overlay_style\":\"\",\"text_color\":\"light\",\"overlay_position\":\"center\",\"overlay_transition\":\"fade\",\"title_hover_style\":\"reset\",\"title_element\":\"h3\",\"meta_style\":\"meta\",\"meta_align\":\"below-title\",\"meta_element\":\"div\",\"link_style\":\"default\",\"text_align\":\"left\",\"margin\":\"default\",\"image\":\"wp-content\\\/uploads\\\/2021\\\/02\\\/Cigogne-24-scaled.jpg\",\"maxwidth\":\"large\",\"image_height\":\"auto\",\"image_width\":\"1500\"}}]}]}]},{\"type\":\"section\",\"props\":{\"style\":\"default\",\"width\":\"default\",\"vertical_align\":\"middle\",\"title_position\":\"top-left\",\"title_rotation\":\"left\",\"title_breakpoint\":\"xl\",\"image_position\":\"center-center\"},\"children\":[{\"type\":\"row\",\"children\":[{\"type\":\"column\",\"props\":{\"image_position\":\"center-center\",\"media_overlay_gradient\":\"\"},\"children\":[{\"type\":\"headline\",\"props\":{\"title_element\":\"h2\",\"content\":\"Ils nous font confiance.\",\"title_style\":\"h3\"}},{\"type\":\"html\",\"props\":{\"content\":\"\n\n<div style=\\\"color: black;\\\" class=\\\"uk-position-relative uk-visible-toggle uk-light\\\" tabindex=\\\"-1\\\"\\n    uk-slider=\\\"center: true\\\">\\n\\n    \n\n<ul class=\\\"uk-slider-items uk-grid\\\">\\n        \n\n<li class=\\\"uk-width-4-4\\\">\\n            \n\n<div class=\\\"uk-panel\\\">\\n                \n\n<h3 style=\\\"color:black;\\\">Pauline, Fabien & Co<\\\/h3>\\n                \n\n<p> Merci pour le petit d\\u00e9jeuner royal plein de bonnes choses du coin et les d\\u00e9couvertes gustatives. L\\u2019appartement est spacieux et bien am\\u00e9nag\\u00e9, on s\\u2019y sent bien. La d\\u00e9co et les expos photos y sont pour beaucoup. Mention sp\\u00e9ciale pour les belles petites attentions diss\\u00e9min\\u00e9es un peu partout. Chaque pi\\u00e8ce a son charme et son lot de petites phrases pleines d\\u2019ondes positives. Id\\u00e9alement situ\\u00e9 \\u00e0 KB comme disent les locaux, on n\\u2019avait pas per\\u00e7u \\u00e0 quel point c\\u2019\\u00e9tait dans le centre : belle surprise ! Merci infiniment pour le pr\\u00eat des raquettes, ce fut la cerise sur le g\\u00e2teau de notre s\\u00e9jour : la neige !<\\\/p>\\n                \n\n<div class=\\\"uk-position-center uk-panel\\\" style=\\\"padding-top: 1rem;\\\">\\n\\n                <\\\/div>\\n            <\\\/div>\\n        <\\\/li>\\n        \n\n<li class=\\\"uk-width-4-4\\\">\\n            \n\n<div class=\\\"uk-panel\\\">\\n                 \n\n<h3 style=\\\"color:black;\\\">Famille N.<\\\/h3>\\n                \n\n<p>C\\u2019est un immense plaisir que d\\u2019avoir inaugur\\u00e9 votre g\\u00eete magnifique. Nous nous souviendrons longtemps de ce No\\u00ebl magique. Nous vous remercions pour la gentillesse dont vous avez fait preuve [\\u2026].<\\\/p>\\n                \n\n<div class=\\\"uk-position-center uk-panel\\\" style=\\\"padding-top: 1rem;\\\">\\n\\n                <\\\/div>\\n            <\\\/div>\\n        <\\\/li>\\n        \n\n<li class=\\\"uk-width-4-4\\\">\\n            \n\n<div class=\\\"uk-panel\\\">\\n                 \n\n<h3 style=\\\"color:black;\\\">Famille N.<\\\/h3>\\n                \n\n<p>Lorem ipsum dolor sit, amet consectetur adipisicing elit. Praesentium voluptas illum minima, fugit\\n                    laudantium deserunt quis vitae? Odit quasi vel doloremque, doloribus, pariatur laudantium ipsam,\\n                    tempora quas numquam placeat voluptatem.<\\\/p>\\n                \n\n<div class=\\\"uk-position-center uk-panel\\\" style=\\\"padding-top: 1rem;\\\">\\n\\n                <\\\/div>\\n            <\\\/div>\\n        <\\\/li>\\n        \\n\\n    <\\\/ul>\\n\\n    <a class=\\\"uk-position-center-left uk-position-small uk-hidden-hover\\\" href=\\\"#\\\" uk-slidenav-previous\\n        uk-slider-item=\\\"previous\\\"><\\\/a>\\n    <a class=\\\"uk-position-center-right uk-position-small uk-hidden-hover\\\" href=\\\"#\\\" uk-slidenav-next\\n        uk-slider-item=\\\"next\\\"><\\\/a>\\n\\n<\\\/div>\"},\"modified\":\"2021-02-09T12:48:09.329Z\",\"name\":\"slide\"}]}]}]}],\"version\":\"2.3.25\"} --><\/p>\n","protected":false},"excerpt":{"rendered":"<p>Le g\u00eete. Pi\u00e8ce de vie Vous souhaitez louer un appartement de vacances pittoresque en Alsace ? Concilier vacances, art et culture, et photos de famille ? Le Grenier du Photographe est fait pour vous ! Faire la visite virtuelle du g\u00eete Un g\u00eete convivial : En couple, en famille ou entre amis, notre g\u00eete peut [&hellip;]<\/p>\n","protected":false},"author":1,"featured_media":0,"parent":0,"menu_order":10,"comment_status":"open","ping_status":"open","template":"","meta":[],"acf":[],"yoast_head":"<!-- This site is optimized with the Yoast SEO plugin v15.9 - https:\/\/yoast.com\/wordpress\/plugins\/seo\/ -->\n<title>Location appartement vacances (68) - Location g\u00eete famille Kaysersberg<\/title>\n<meta name=\"description\" content=\"Visite virtuelle pour d\u00e9couvrir l&#039;ambiance de notre g\u00eete familiale \u00e0 Kaysersberg, et mettez vous dans l&#039;ambiance d&#039;un g\u00eete d&#039;artiste\" \/>\n<meta name=\"robots\" content=\"index, follow, max-snippet:-1, max-image-preview:large, max-video-preview:-1\" \/>\n<link rel=\"canonical\" href=\"https:\/\/legrenierduphotographe.fr\/gite\/\" \/>\n<meta property=\"og:locale\" content=\"fr_FR\" \/>\n<meta property=\"og:type\" content=\"article\" \/>\n<meta property=\"og:title\" content=\"Location appartement vacances (68) - Location g\u00eete famille Kaysersberg\" \/>\n<meta property=\"og:description\" content=\"Visite virtuelle pour d\u00e9couvrir l&#039;ambiance de notre g\u00eete familiale \u00e0 Kaysersberg, et mettez vous dans l&#039;ambiance d&#039;un g\u00eete d&#039;artiste\" \/>\n<meta property=\"og:url\" content=\"https:\/\/legrenierduphotographe.fr\/gite\/\" \/>\n<meta property=\"og:site_name\" content=\"Legrenierduphotographe\" \/>\n<meta property=\"article:modified_time\" content=\"2021-09-24T14:05:39+00:00\" \/>\n<meta property=\"og:image\" content=\"https:\/\/legrenierduphotographe.fr\/wp-content\/uploads\/2021\/02\/Le-grenier-du-photographe-scaled.jpg\" \/>\n<meta name=\"twitter:card\" content=\"summary_large_image\" \/>\n<meta name=\"twitter:label1\" content=\"Dur\u00e9e de lecture est.\">\n\t<meta name=\"twitter:data1\" content=\"3 minutes\">\n<script type=\"application\/ld+json\" class=\"yoast-schema-graph\">{\"@context\":\"https:\/\/schema.org\",\"@graph\":[{\"@type\":\"WebSite\",\"@id\":\"https:\/\/legrenierduphotographe.fr\/#website\",\"url\":\"https:\/\/legrenierduphotographe.fr\/\",\"name\":\"Legrenierduphotographe\",\"description\":\"Grenier du photographe\",\"potentialAction\":[{\"@type\":\"SearchAction\",\"target\":\"https:\/\/legrenierduphotographe.fr\/?s={search_term_string}\",\"query-input\":\"required name=search_term_string\"}],\"inLanguage\":\"fr-FR\"},{\"@type\":\"ImageObject\",\"@id\":\"https:\/\/legrenierduphotographe.fr\/gite\/#primaryimage\",\"inLanguage\":\"fr-FR\",\"url\":\"\/wp-content\/uploads\/2021\/02\/Le-grenier-du-photographe-scaled.jpg\"},{\"@type\":\"WebPage\",\"@id\":\"https:\/\/legrenierduphotographe.fr\/gite\/#webpage\",\"url\":\"https:\/\/legrenierduphotographe.fr\/gite\/\",\"name\":\"Location appartement vacances (68) - Location g\\u00eete famille Kaysersberg\",\"isPartOf\":{\"@id\":\"https:\/\/legrenierduphotographe.fr\/#website\"},\"primaryImageOfPage\":{\"@id\":\"https:\/\/legrenierduphotographe.fr\/gite\/#primaryimage\"},\"datePublished\":\"2019-09-04T14:57:03+00:00\",\"dateModified\":\"2021-09-24T14:05:39+00:00\",\"description\":\"Visite virtuelle pour d\\u00e9couvrir l'ambiance de notre g\\u00eete familiale \\u00e0 Kaysersberg, et mettez vous dans l'ambiance d'un g\\u00eete d'artiste\",\"breadcrumb\":{\"@id\":\"https:\/\/legrenierduphotographe.fr\/gite\/#breadcrumb\"},\"inLanguage\":\"fr-FR\",\"potentialAction\":[{\"@type\":\"ReadAction\",\"target\":[\"https:\/\/legrenierduphotographe.fr\/gite\/\"]}]},{\"@type\":\"BreadcrumbList\",\"@id\":\"https:\/\/legrenierduphotographe.fr\/gite\/#breadcrumb\",\"itemListElement\":[{\"@type\":\"ListItem\",\"position\":1,\"item\":{\"@type\":\"WebPage\",\"@id\":\"https:\/\/legrenierduphotographe.fr\/\",\"url\":\"https:\/\/legrenierduphotographe.fr\/\",\"name\":\"Accueil\"}},{\"@type\":\"ListItem\",\"position\":2,\"item\":{\"@type\":\"WebPage\",\"@id\":\"https:\/\/legrenierduphotographe.fr\/gite\/\",\"url\":\"https:\/\/legrenierduphotographe.fr\/gite\/\",\"name\":\"Le g\\u00eete\"}}]}]}<\/script>\n<!-- \/ Yoast SEO plugin. -->","_links":{"self":[{"href":"https:\/\/legrenierduphotographe.fr\/wp-json\/wp\/v2\/pages\/6"}],"collection":[{"href":"https:\/\/legrenierduphotographe.fr\/wp-json\/wp\/v2\/pages"}],"about":[{"href":"https:\/\/legrenierduphotographe.fr\/wp-json\/wp\/v2\/types\/page"}],"author":[{"embeddable":true,"href":"https:\/\/legrenierduphotographe.fr\/wp-json\/wp\/v2\/users\/1"}],"replies":[{"embeddable":true,"href":"https:\/\/legrenierduphotographe.fr\/wp-json\/wp\/v2\/comments?post=6"}],"version-history":[{"count":159,"href":"https:\/\/legrenierduphotographe.fr\/wp-json\/wp\/v2\/pages\/6\/revisions"}],"predecessor-version":[{"id":2358,"href":"https:\/\/legrenierduphotographe.fr\/wp-json\/wp\/v2\/pages\/6\/revisions\/2358"}],"wp:attachment":[{"href":"https:\/\/legrenierduphotographe.fr\/wp-json\/wp\/v2\/media?parent=6"}],"curies":[{"name":"wp","href":"https:\/\/api.w.org\/{rel}","templated":true}]}}