{"id":4,"date":"2019-09-04T14:57:03","date_gmt":"2019-09-04T14:57:03","guid":{"rendered":"https:\/\/legrenierduphotographe.fr\/?p=4"},"modified":"2021-09-24T14:20:22","modified_gmt":"2021-09-24T14:20:22","slug":"prestations","status":"publish","type":"page","link":"https:\/\/legrenierduphotographe.fr\/prestations\/","title":{"rendered":"Nos prestations"},"content":{"rendered":"<h1><strong>Nos prestations.<\/strong><\/h1>\n<h2>Envie de rester au g\u00eete ?<\/h2>\n<div>\n<p>Saisissez l\u2019opportunit\u00e9 de plonger dans l\u2019univers artistique de nos photographes exposants du moment \u00e0 travers nos expositions photos temporaires. Rendez-vous sur la page Art et photos pour d\u00e9couvrir l\u2019expo photo actuelle. Profitez de votre s\u00e9jour pour faire de jolies photos de famille en b\u00e9n\u00e9ficiant d\u2019un shooting photo r\u00e9alis\u00e9 par votre h\u00f4te photographe professionnel. Le studio photo est juste \u00e0 l\u2019\u00e9tage en dessous ! Faites le plein d\u2019images et de superbes photos en feuilletant nos ouvrages d\u2019art des plus grands photographes ou initiez vous \u00e0 la pratique de cet art \u00e0 travers la lecture des nombreux manuels sur place ou aupr\u00e8s de votre h\u00f4te. Restez au chaud \u00e0 deux, en famille, ou entre amis, \u00e0 jouer aux jeux de soci\u00e9t\u00e9 ou \u00e0 lire confortablement dans les nombreux recoins d\u00e9di\u00e9s \u00e0 cet effet.<\/p>\n<\/div>\n<h2>Comment profiter des beaux jours ?<\/h2>\n<div>\n<p>D\u00e9couvrez les plus beaux horizons en vous promenant le long des<br \/>\nrivi\u00e8res ou des lacs de montagne, en randonnant sur les sentiers viticoles ou forestiers, en partant \u00e0<br \/>\nla d\u00e9couverte des ch\u00e2teaux-forts des environs, en gravissant les plus beaux sommets vosgiens ou en<br \/>\npratiquant une des nombreuses activit\u00e9s sportives locales : cano\u00e9-kayak, VTT, parapente, escalade,<br \/>\naccrobranche, luge d\u2019\u00e9t\u00e9, \u00e9quitation.<\/p>\n<\/div>\n<p>\n    <a href=\"\/guide-beau-temps\/\">Consulter notre guide<\/a>\n<\/p>\n<p><img src=\"\/wp-content\/uploads\/2021\/09\/Kaysersberg-6-scaled.jpg\" alt=\"\"><\/p>\n<ul>\n<li>\n<p>        <img src=\"\/wp-content\/uploads\/2021\/02\/KB-sous-la-neige-71-1-scaled.jpg\" alt=\"\"><\/p>\n<\/li>\n<li>\n<p>        <img src=\"\/wp-content\/uploads\/2021\/02\/KB-sous-la-neige-24-scaled.jpg\" alt=\"\"><\/p>\n<\/li>\n<\/ul>\n<h2>Que faire par temps de pluie ?<\/h2>\n<div>\n<p>Les mus\u00e9es, les expositions artisanales, la piscine, le cin\u00e9ma peuvent \u00eatre de bons refuges pour palier \u00e0 la pluie \u00e0 Kaysersberg ou dans les environs. N\u2019h\u00e9sitez pas \u00e0 piocher plus d\u2019id\u00e9es dans notre guide.<\/p>\n<\/div>\n<p>\n    <a href=\"\/guide-pluie\/\">Consulter notre guide<\/a>\n<\/p>\n<div>\n<p>        <img src=\"\/wp-content\/uploads\/2021\/02\/Ptit-dej-bis-1-scaled.jpg\" alt=\"\"><\/p>\n<\/div>\n<div>\n<p>        <img src=\"\/wp-content\/uploads\/2021\/02\/Petit-dejeuner-4-fumee-scaled.jpg\" alt=\"\"><\/p>\n<\/div>\n<h2>Consultez nos options durant votre s\u00e9jour.<\/h2>\n<div>\n<p>Le m\u00e9nage est compris dans le prix de la nuit\u00e9e. Le g\u00eete est pourvu de nombreux \u00e9quipements pour votre plus grand confort.<\/p>\n<\/div>\n<p>\n    <a href=\"\/gite\/\">Voir nos \u00e9quipements<\/a>\n<\/p>\n<div>\n<p>Et toujours dans un souci de vous faciliter la vie et vous rendre votre s\u00e9jour encore plus agr\u00e9able, optez pour notre Panier Petit D\u00e9jeuner Maison \u00e0 la<br \/>\nd\u00e9couverte des sp\u00e9cialit\u00e9s locales !<\/p>\n<\/div>\n<p>\n    <a href=\"\/tarifs\/\">D\u00e9couvrir la formule<\/a>\n<\/p>\n<p>\n    <a href=\"\/tarifs\/\">Voir nos tarifs<\/a>\n<\/p>\n<div>\n<p>        <img src=\"\/wp-content\/uploads\/2021\/02\/Le-grenier-du-photographe.-11-scaled.jpg\" alt=\"\"><\/p>\n<\/div>\n<div>Nos valeurs<\/div>\n<div>\n<p>Explorer toutes les th\u00e9matiques que ce g\u00eete riche en art et en culture peut raconter. Laissez vous transporter par le monde de la photographie et ses appareils qui ont marqu\u00e9 l\u2019histoire, mais aussi par la litt\u00e9rature avec sa biblioth\u00e8que fournie en ouvrages th\u00e9matiques et par la d\u00e9couverte de l&rsquo;artisanat local au travers des oeuvres pr\u00e9sentes dans la d\u00e9coration.<\/p>\n<\/div>\n<p>\n    <a href=\"\/art-photos\/\">Visiter Art &#038; Photos<\/a>\n<\/p>\n<h2>Ils nous font confiance.<\/h2>\n<div>\n<div style=\"color: black;\" class=\"uk-position-relative uk-visible-toggle uk-light\" tabindex=\"-1\"\n    uk-slider=\"center: true\"><\/p>\n<ul class=\"uk-slider-items uk-grid\">\n<li class=\"uk-width-4-4\">\n<div class=\"uk-panel\">\n<h3 style=\"color:black;\">Pauline, Fabien &#038; Co<\/h3>\n<p> Merci pour le petit d\u00e9jeuner royal plein de bonnes choses du coin et les d\u00e9couvertes gustatives. L\u2019appartement est spacieux et bien am\u00e9nag\u00e9, on s\u2019y sent bien. La d\u00e9co et les expos photos y sont pour beaucoup. Mention sp\u00e9ciale pour les belles petites attentions diss\u00e9min\u00e9es un peu partout. Chaque pi\u00e8ce a son charme et son lot de petites phrases pleines d\u2019ondes positives. Id\u00e9alement situ\u00e9 \u00e0 KB comme disent les locaux, on n\u2019avait pas per\u00e7u \u00e0 quel point c\u2019\u00e9tait dans le centre : belle surprise ! Merci infiniment pour le pr\u00eat des raquettes, ce fut la cerise sur le g\u00e2teau de notre s\u00e9jour : la neige !<\/p>\n<div class=\"uk-position-center uk-panel\" style=\"padding-top: 1rem;\"><\/div>\n<\/p><\/div>\n<\/li>\n<li class=\"uk-width-4-4\">\n<div class=\"uk-panel\">\n<h3 style=\"color:black;\">Famille N.<\/h3>\n<p>C\u2019est un immense plaisir que d\u2019avoir inaugur\u00e9 votre g\u00eete magnifique. Nous nous souviendrons longtemps de ce No\u00ebl magique. Nous vous remercions pour la gentillesse dont vous avez fait preuve [\u2026].<\/p>\n<div class=\"uk-position-center uk-panel\" style=\"padding-top: 1rem;\"><\/div>\n<\/p><\/div>\n<\/li>\n<li class=\"uk-width-4-4\">\n<div class=\"uk-panel\">\n<h3 style=\"color:black;\">Famille N.<\/h3>\n<p>Lorem ipsum dolor sit, amet consectetur adipisicing elit. Praesentium voluptas illum minima, fugit<br \/>\n                    laudantium deserunt quis vitae? Odit quasi vel doloremque, doloribus, pariatur laudantium ipsam,<br \/>\n                    tempora quas numquam placeat voluptatem.<\/p>\n<div class=\"uk-position-center uk-panel\" style=\"padding-top: 1rem;\"><\/div>\n<\/p><\/div>\n<\/li>\n<\/ul>\n<p>    <a class=\"uk-position-center-left uk-position-small uk-hidden-hover\" href=\"#\" uk-slidenav-previous\n        uk-slider-item=\"previous\"><\/a><br \/>\n    <a class=\"uk-position-center-right uk-position-small uk-hidden-hover\" href=\"#\" uk-slidenav-next\n        uk-slider-item=\"next\"><\/a><\/p>\n<\/div>\n<\/div>\n<p><!-- {\"name\":\"About\",\"type\":\"layout\",\"children\":[{\"type\":\"section\",\"props\":{\"style\":\"default\",\"width\":\"default\",\"vertical_align\":\"\",\"title_position\":\"top-left\",\"title_rotation\":\"left\",\"title_breakpoint\":\"xl\",\"image_position\":\"center-right\",\"image\":\"wp-content\\\/uploads\\\/2021\\\/02\\\/mezzanine-2-scaled.jpg\",\"image_width\":\"700\",\"image_height\":\"600\",\"height\":\"percent\",\"image_visibility\":\"m\",\"overlap\":false,\"padding_remove_bottom\":false,\"padding_remove_top\":false},\"children\":[{\"type\":\"row\",\"props\":{\"layout\":\"1-2,1-2\"},\"children\":[{\"type\":\"column\",\"props\":{\"image_position\":\"center-center\",\"media_overlay_gradient\":\"\",\"width_medium\":\"1-2\"},\"children\":[{\"type\":\"headline\",\"props\":{\"title_element\":\"h1\",\"content\":\"<strong>Nos prestations.<\\\/strong>\",\"title_style\":\"heading-medium\"}}]},{\"type\":\"column\",\"props\":{\"image_position\":\"center-center\",\"media_overlay_gradient\":\"\",\"width_medium\":\"1-2\"},\"children\":[]}]},{\"type\":\"row\",\"children\":[{\"type\":\"column\",\"props\":{\"image_position\":\"center-center\",\"media_overlay_gradient\":\"\"},\"children\":[{\"type\":\"headline\",\"props\":{\"title_element\":\"h2\",\"content\":\"Envie de rester au g\\u00eete ?\",\"maxwidth\":\"medium\",\"title_style\":\"h4\",\"margin_remove_top\":false}},{\"type\":\"text\",\"props\":{\"margin\":\"default\",\"column_breakpoint\":\"m\",\"content\":\"\n\n<p>Saisissez l\\u2019opportunit\\u00e9 de plonger dans l\\u2019univers artistique de nos photographes exposants du moment \\u00e0 travers nos expositions photos temporaires. Rendez-vous sur la page Art et photos pour d\\u00e9couvrir l\\u2019expo photo actuelle. Profitez de votre s\\u00e9jour pour faire de jolies photos de famille en b\\u00e9n\\u00e9ficiant d\\u2019un shooting photo r\\u00e9alis\\u00e9 par votre h\\u00f4te photographe professionnel. Le studio photo est juste \\u00e0 l\\u2019\\u00e9tage en dessous ! Faites le plein d\\u2019images et de superbes photos en feuilletant nos ouvrages d\\u2019art des plus grands photographes ou initiez vous \\u00e0 la pratique de cet art \\u00e0 travers la lecture des nombreux manuels sur place ou aupr\\u00e8s de votre h\\u00f4te. Restez au chaud \\u00e0 deux, en famille, ou entre amis, \\u00e0 jouer aux jeux de soci\\u00e9t\\u00e9 ou \\u00e0 lire confortablement dans les nombreux recoins d\\u00e9di\\u00e9s \\u00e0 cet effet.<\\\/p>\",\"maxwidth\":\"large\",\"text_align\":\"left\"}}]}]}]},{\"type\":\"section\",\"props\":{\"style\":\"default\",\"width\":\"default\",\"vertical_align\":\"middle\",\"title_position\":\"top-left\",\"title_rotation\":\"left\",\"title_breakpoint\":\"xl\",\"image_position\":\"center-center\",\"padding_remove_bottom\":true,\"padding_remove_top\":false},\"children\":[{\"type\":\"row\",\"props\":{\"layout\":\"1-2,1-2\"},\"children\":[{\"type\":\"column\",\"props\":{\"image_position\":\"center-center\",\"media_overlay_gradient\":\"\",\"width_medium\":\"1-2\"},\"children\":[]},{\"type\":\"column\",\"props\":{\"image_position\":\"center-center\",\"media_overlay_gradient\":\"\",\"width_medium\":\"1-2\"},\"children\":[{\"type\":\"headline\",\"props\":{\"title_element\":\"h2\",\"content\":\"Comment profiter des beaux jours ?\",\"title_style\":\"h4\"}},{\"type\":\"text\",\"props\":{\"margin\":\"default\",\"column_breakpoint\":\"m\",\"content\":\"\n\n<p>D\\u00e9couvrez les plus beaux horizons en vous promenant le long des\\nrivi\\u00e8res ou des lacs de montagne, en randonnant sur les sentiers viticoles ou forestiers, en partant \\u00e0\\nla d\\u00e9couverte des ch\\u00e2teaux-forts des environs, en gravissant les plus beaux sommets vosgiens ou en\\npratiquant une des nombreuses activit\\u00e9s sportives locales : cano\\u00e9-kayak, VTT, parapente, escalade,\\naccrobranche, luge d\\u2019\\u00e9t\\u00e9, \\u00e9quitation.<\\\/p>\"}},{\"type\":\"button\",\"props\":{\"grid_column_gap\":\"small\",\"grid_row_gap\":\"small\",\"margin\":\"default\"},\"children\":[{\"type\":\"button_item\",\"props\":{\"button_style\":\"secondary\",\"icon_align\":\"left\",\"content\":\"Consulter notre guide\",\"link\":\"guide-beau-temps\\\/\"}}]}]}]}]},{\"type\":\"section\",\"props\":{\"style\":\"default\",\"width\":\"default\",\"vertical_align\":\"middle\",\"title_position\":\"top-left\",\"title_rotation\":\"left\",\"title_breakpoint\":\"xl\",\"image_position\":\"center-center\"},\"children\":[{\"type\":\"row\",\"children\":[{\"type\":\"column\",\"props\":{\"image_position\":\"center-center\",\"media_overlay_gradient\":\"\"},\"children\":[{\"type\":\"image\",\"props\":{\"margin\":\"default\",\"image_svg_color\":\"emphasis\",\"image\":\"wp-content\\\/uploads\\\/2021\\\/09\\\/Kaysersberg-6-scaled.jpg\",\"status\":\"disabled\"}},{\"type\":\"slideshow\",\"props\":{\"show_title\":false,\"show_meta\":true,\"show_content\":true,\"show_link\":true,\"show_thumbnail\":true,\"slideshow_min_height\":300,\"slideshow_autoplay_pause\":true,\"nav\":\"dotnav\",\"nav_position\":\"bottom-center\",\"nav_position_margin\":\"medium\",\"nav_align\":\"center\",\"nav_breakpoint\":\"s\",\"thumbnav_width\":\"100\",\"thumbnav_height\":\"75\",\"thumbnav_svg_color\":\"emphasis\",\"slidenav\":\"default\",\"slidenav_margin\":\"medium\",\"slidenav_breakpoint\":\"s\",\"slidenav_outside_breakpoint\":\"xl\",\"overlay_position\":\"center-left\",\"overlay_animation\":\"parallax\",\"title_element\":\"h3\",\"meta_style\":\"meta\",\"meta_align\":\"below-title\",\"meta_element\":\"div\",\"link_text\":\"Read more\",\"link_style\":\"default\",\"margin\":\"default\"},\"children\":[{\"type\":\"slideshow_item\",\"props\":{\"image\":\"wp-content\\\/uploads\\\/2021\\\/02\\\/KB-sous-la-neige-71-1-scaled.jpg\"}},{\"type\":\"slideshow_item\",\"props\":{\"image\":\"wp-content\\\/uploads\\\/2021\\\/02\\\/KB-sous-la-neige-24-scaled.jpg\"}}]}]}]},{\"type\":\"row\",\"props\":{\"column_gap\":\"medium\",\"divider\":false,\"margin_remove_top\":false},\"children\":[{\"type\":\"column\",\"props\":{\"image_position\":\"center-center\",\"media_overlay_gradient\":\"\"},\"children\":[{\"type\":\"headline\",\"props\":{\"title_element\":\"h2\",\"content\":\"Que faire par temps de pluie ?\",\"title_style\":\"h4\"}},{\"type\":\"text\",\"props\":{\"margin\":\"default\",\"column_breakpoint\":\"m\",\"content\":\"\n\n<p>Les mus\\u00e9es, les expositions artisanales, la piscine, le cin\\u00e9ma peuvent \\u00eatre de bons refuges pour palier \\u00e0 la pluie \\u00e0 Kaysersberg ou dans les environs. N\\u2019h\\u00e9sitez pas \\u00e0 piocher plus d\\u2019id\\u00e9es dans notre guide.<\\\/p>\",\"maxwidth\":\"large\"}},{\"type\":\"button\",\"props\":{\"grid_column_gap\":\"small\",\"grid_row_gap\":\"small\",\"margin\":\"default\"},\"children\":[{\"type\":\"button_item\",\"props\":{\"button_style\":\"secondary\",\"icon_align\":\"left\",\"content\":\"Consulter notre guide\",\"link\":\"guide-pluie\\\/\"}}]}]}]},{\"type\":\"row\",\"props\":{\"layout\":\"1-2,1-2\"},\"children\":[{\"type\":\"column\",\"props\":{\"image_position\":\"center-center\",\"media_overlay_gradient\":\"\",\"width_medium\":\"1-2\"},\"children\":[{\"type\":\"overlay\",\"props\":{\"link_text\":\"Read more\",\"overlay_mode\":\"cover\",\"overlay_hover\":false,\"overlay_style\":\"\",\"text_color\":\"light\",\"overlay_position\":\"center\",\"overlay_transition\":\"fade\",\"title_hover_style\":\"reset\",\"title_element\":\"h3\",\"meta_style\":\"meta\",\"meta_align\":\"below-title\",\"meta_element\":\"div\",\"link_style\":\"default\",\"text_align\":\"center\",\"margin\":\"default\",\"image\":\"wp-content\\\/uploads\\\/2021\\\/02\\\/Ptit-dej-bis-1-scaled.jpg\",\"image_width\":\"600\"}},{\"type\":\"overlay\",\"props\":{\"link_text\":\"Read more\",\"overlay_mode\":\"cover\",\"overlay_hover\":true,\"overlay_style\":\"overlay-primary\",\"text_color\":\"light\",\"overlay_position\":\"center\",\"overlay_transition\":\"fade\",\"title_hover_style\":\"reset\",\"title_element\":\"h3\",\"meta_style\":\"meta\",\"meta_align\":\"below-title\",\"meta_element\":\"div\",\"link_style\":\"default\",\"text_align\":\"center\",\"margin\":\"default\",\"image\":\"wp-content\\\/uploads\\\/2021\\\/02\\\/Petit-dejeuner-4-fumee-scaled.jpg\",\"image_width\":\"600\"}}]},{\"type\":\"column\",\"props\":{\"image_position\":\"center-center\",\"media_overlay_gradient\":\"\",\"width_medium\":\"1-2\",\"style\":\"muted\"},\"children\":[{\"type\":\"headline\",\"props\":{\"title_element\":\"h2\",\"content\":\"Consultez nos options durant votre s\\u00e9jour.\",\"title_style\":\"h4\"}},{\"type\":\"text\",\"props\":{\"margin\":\"default\",\"column_breakpoint\":\"m\",\"content\":\"\n\n<p>Le m\\u00e9nage est compris dans le prix de la nuit\\u00e9e. Le g\\u00eete est pourvu de nombreux \\u00e9quipements pour votre plus grand confort.<\\\/p>\",\"text_size\":\"small\"}},{\"type\":\"button\",\"props\":{\"grid_column_gap\":\"small\",\"grid_row_gap\":\"small\",\"margin\":\"default\"},\"children\":[{\"type\":\"button_item\",\"props\":{\"button_style\":\"\",\"icon_align\":\"right\",\"content\":\"Voir nos \\u00e9quipements\",\"link\":\"gite\\\/\",\"icon\":\"arrow-right\"}}]},{\"type\":\"text\",\"props\":{\"margin\":\"default\",\"column_breakpoint\":\"m\",\"content\":\"\n\n<p>Et toujours dans un souci de vous faciliter la vie et vous rendre votre s\\u00e9jour encore plus agr\\u00e9able, optez pour notre Panier Petit D\\u00e9jeuner Maison \\u00e0 la\\nd\\u00e9couverte des sp\\u00e9cialit\\u00e9s locales !<\\\/p>\",\"text_size\":\"small\"}},{\"type\":\"button\",\"props\":{\"grid_column_gap\":\"small\",\"grid_row_gap\":\"small\",\"margin\":\"default\"},\"children\":[{\"type\":\"button_item\",\"props\":{\"button_style\":\"\",\"icon_align\":\"right\",\"content\":\"D\\u00e9couvrir la formule\",\"link\":\"tarifs\\\/\",\"icon\":\"arrow-right\"}}]},{\"type\":\"button\",\"props\":{\"grid_column_gap\":\"small\",\"grid_row_gap\":\"small\",\"margin\":\"default\",\"text_align\":\"right\"},\"children\":[{\"type\":\"button_item\",\"props\":{\"button_style\":\"text\",\"icon_align\":\"left\",\"content\":\"Voir nos tarifs\",\"link\":\"tarifs\\\/\"}}]}]}]}]},{\"name\":\"Nos valeurs\",\"type\":\"section\",\"props\":{\"style\":\"default\",\"width\":\"xlarge\",\"vertical_align\":\"middle\",\"title_position\":\"top-left\",\"title_rotation\":\"left\",\"title_breakpoint\":\"xl\",\"image_position\":\"top-left\",\"title\":\"\",\"image\":\"wp-content\\\/uploads\\\/yootheme\\\/home-residences-bg.svg\",\"image_width\":\"1500\",\"image_height\":\"800\",\"image_size\":\"contain\",\"image_visibility\":\"m\",\"animation\":\"slide-right-medium\",\"image_effect\":\"parallax\",\"image_parallax_bgy_start\":\"100\",\"image_parallax_bgy_end\":\"100\",\"padding_remove_bottom\":true,\"padding_remove_top\":true},\"children\":[{\"name\":\"\",\"type\":\"row\",\"props\":{\"layout\":\"2-3,1-3\",\"margin\":\"xlarge\",\"column_gap\":\"large\",\"row_gap\":\"large\"},\"children\":[{\"name\":\"\",\"type\":\"column\",\"props\":{\"image_position\":\"top-left\",\"image\":\"\",\"padding\":\"none\",\"image_visibility\":\"s\",\"media_overlay_gradient\":\"\",\"width_large\":\"2-3\"},\"children\":[{\"type\":\"overlay\",\"props\":{\"link_text\":\"Read more\",\"overlay_mode\":\"cover\",\"overlay_hover\":false,\"overlay_style\":\"\",\"text_color\":\"light\",\"overlay_position\":\"center\",\"overlay_transition\":\"fade\",\"title_hover_style\":\"reset\",\"title_element\":\"h3\",\"meta_style\":\"meta\",\"meta_align\":\"below-title\",\"meta_element\":\"div\",\"link_style\":\"default\",\"text_align\":\"center\",\"margin\":\"default\",\"image\":\"wp-content\\\/uploads\\\/2021\\\/02\\\/Le-grenier-du-photographe.-11-scaled.jpg\"}}]},{\"name\":\"\",\"type\":\"column\",\"props\":{\"image_position\":\"center-center\",\"media_overlay_gradient\":\"\",\"width_large\":\"1-3\"},\"children\":[{\"name\":\"\",\"type\":\"headline\",\"props\":{\"title_element\":\"div\",\"content\":\"Nos valeurs\",\"margin\":\"remove-vertical\",\"title_style\":\"h1\",\"maxwidth\":\"large\"}},{\"name\":\"\",\"type\":\"text\",\"props\":{\"margin\":\"large\",\"column_breakpoint\":\"m\",\"content\":\"\n\n<p>Explorer toutes les th\\u00e9matiques que ce g\\u00eete riche en art et en culture peut raconter. Laissez vous transporter par le monde de la photographie et ses appareils qui ont marqu\\u00e9 l\\u2019histoire, mais aussi par la litt\\u00e9rature avec sa biblioth\\u00e8que fournie en ouvrages th\\u00e9matiques et par la d\\u00e9couverte de l'artisanat local au travers des oeuvres pr\\u00e9sentes dans la d\\u00e9coration.<\\\/p>\"}},{\"name\":\"\",\"type\":\"button\",\"props\":{\"margin\":\"default\",\"button_size\":\"large\",\"fullwidth\":false,\"grid_column_gap\":\"small\",\"grid_row_gap\":\"small\"},\"children\":[{\"name\":\"\",\"type\":\"button_item\",\"props\":{\"button_style\":\"secondary\",\"icon_align\":\"left\",\"content\":\"Visiter Art & Photos\",\"link\":\"art-photos\\\/\"}}]}]}]}]},{\"type\":\"section\",\"props\":{\"style\":\"default\",\"width\":\"default\",\"vertical_align\":\"middle\",\"title_position\":\"top-left\",\"title_rotation\":\"left\",\"title_breakpoint\":\"xl\",\"image_position\":\"center-center\"},\"children\":[{\"type\":\"row\",\"children\":[{\"type\":\"column\",\"props\":{\"image_position\":\"center-center\",\"media_overlay_gradient\":\"\"},\"children\":[{\"type\":\"headline\",\"props\":{\"title_element\":\"h2\",\"content\":\"Ils nous font confiance.\",\"title_style\":\"h3\"},\"modified\":\"2021-02-03T13:41:16.722Z\",\"name\":\"confiance\"},{\"type\":\"html\",\"props\":{\"content\":\"\n\n<div style=\\\"color: black;\\\" class=\\\"uk-position-relative uk-visible-toggle uk-light\\\" tabindex=\\\"-1\\\"\\n    uk-slider=\\\"center: true\\\">\\n\\n    \n\n<ul class=\\\"uk-slider-items uk-grid\\\">\\n        \n\n<li class=\\\"uk-width-4-4\\\">\\n            \n\n<div class=\\\"uk-panel\\\">\\n                \n\n<h3 style=\\\"color:black;\\\">Pauline, Fabien & Co<\\\/h3>\\n                \n\n<p> Merci pour le petit d\\u00e9jeuner royal plein de bonnes choses du coin et les d\\u00e9couvertes gustatives. L\\u2019appartement est spacieux et bien am\\u00e9nag\\u00e9, on s\\u2019y sent bien. La d\\u00e9co et les expos photos y sont pour beaucoup. Mention sp\\u00e9ciale pour les belles petites attentions diss\\u00e9min\\u00e9es un peu partout. Chaque pi\\u00e8ce a son charme et son lot de petites phrases pleines d\\u2019ondes positives. Id\\u00e9alement situ\\u00e9 \\u00e0 KB comme disent les locaux, on n\\u2019avait pas per\\u00e7u \\u00e0 quel point c\\u2019\\u00e9tait dans le centre : belle surprise ! Merci infiniment pour le pr\\u00eat des raquettes, ce fut la cerise sur le g\\u00e2teau de notre s\\u00e9jour : la neige !<\\\/p>\\n                \n\n<div class=\\\"uk-position-center uk-panel\\\" style=\\\"padding-top: 1rem;\\\">\\n\\n                <\\\/div>\\n            <\\\/div>\\n        <\\\/li>\\n        \n\n<li class=\\\"uk-width-4-4\\\">\\n            \n\n<div class=\\\"uk-panel\\\">\\n                 \n\n<h3 style=\\\"color:black;\\\">Famille N.<\\\/h3>\\n                \n\n<p>C\\u2019est un immense plaisir que d\\u2019avoir inaugur\\u00e9 votre g\\u00eete magnifique. Nous nous souviendrons longtemps de ce No\\u00ebl magique. Nous vous remercions pour la gentillesse dont vous avez fait preuve [\\u2026].<\\\/p>\\n                \n\n<div class=\\\"uk-position-center uk-panel\\\" style=\\\"padding-top: 1rem;\\\">\\n\\n                <\\\/div>\\n            <\\\/div>\\n        <\\\/li>\\n        \n\n<li class=\\\"uk-width-4-4\\\">\\n            \n\n<div class=\\\"uk-panel\\\">\\n                 \n\n<h3 style=\\\"color:black;\\\">Famille N.<\\\/h3>\\n                \n\n<p>Lorem ipsum dolor sit, amet consectetur adipisicing elit. Praesentium voluptas illum minima, fugit\\n                    laudantium deserunt quis vitae? Odit quasi vel doloremque, doloribus, pariatur laudantium ipsam,\\n                    tempora quas numquam placeat voluptatem.<\\\/p>\\n                \n\n<div class=\\\"uk-position-center uk-panel\\\" style=\\\"padding-top: 1rem;\\\">\\n\\n                <\\\/div>\\n            <\\\/div>\\n        <\\\/li>\\n        \\n\\n    <\\\/ul>\\n\\n    <a class=\\\"uk-position-center-left uk-position-small uk-hidden-hover\\\" href=\\\"#\\\" uk-slidenav-previous\\n        uk-slider-item=\\\"previous\\\"><\\\/a>\\n    <a class=\\\"uk-position-center-right uk-position-small uk-hidden-hover\\\" href=\\\"#\\\" uk-slidenav-next\\n        uk-slider-item=\\\"next\\\"><\\\/a>\\n\\n<\\\/div>\"},\"modified\":\"2021-02-09T12:48:09.329Z\",\"name\":\"slide\"}]}]}]}],\"version\":\"2.3.25\"} --><\/p>\n","protected":false},"excerpt":{"rendered":"<p>Nos prestations. Envie de rester au g\u00eete ? Saisissez l\u2019opportunit\u00e9 de plonger dans l\u2019univers artistique de nos photographes exposants du moment \u00e0 travers nos expositions photos temporaires. Rendez-vous sur la page Art et photos pour d\u00e9couvrir l\u2019expo photo actuelle. Profitez de votre s\u00e9jour pour faire de jolies photos de famille en b\u00e9n\u00e9ficiant d\u2019un shooting photo [&hellip;]<\/p>\n","protected":false},"author":1,"featured_media":0,"parent":0,"menu_order":8,"comment_status":"open","ping_status":"open","template":"","meta":[],"acf":[],"yoast_head":"<!-- This site is optimized with the Yoast SEO plugin v15.9 - https:\/\/yoast.com\/wordpress\/plugins\/seo\/ -->\n<title>Location g\u00eete alsace \u2013 activit\u00e9s familles Kaysersberg<\/title>\n<meta name=\"description\" content=\"D\u00e9couvrez tout nos conseils ainsi que nos prestations pour passer les meilleurs vacances possible dans notre g\u00eete alsacien \u00e0 Kaysersberg\" \/>\n<meta name=\"robots\" content=\"index, follow, max-snippet:-1, max-image-preview:large, max-video-preview:-1\" \/>\n<link rel=\"canonical\" href=\"https:\/\/legrenierduphotographe.fr\/prestations\/\" \/>\n<meta property=\"og:locale\" content=\"fr_FR\" \/>\n<meta property=\"og:type\" content=\"article\" \/>\n<meta property=\"og:title\" content=\"Location g\u00eete alsace \u2013 activit\u00e9s familles Kaysersberg\" \/>\n<meta property=\"og:description\" content=\"D\u00e9couvrez tout nos conseils ainsi que nos prestations pour passer les meilleurs vacances possible dans notre g\u00eete alsacien \u00e0 Kaysersberg\" \/>\n<meta property=\"og:url\" content=\"https:\/\/legrenierduphotographe.fr\/prestations\/\" \/>\n<meta property=\"og:site_name\" content=\"Legrenierduphotographe\" \/>\n<meta property=\"article:modified_time\" content=\"2021-09-24T14:20:22+00:00\" \/>\n<meta property=\"og:image\" content=\"https:\/\/legrenierduphotographe.fr\/wp-content\/uploads\/2021\/09\/Kaysersberg-6-scaled.jpg\" \/>\n<meta name=\"twitter:card\" content=\"summary_large_image\" \/>\n<meta name=\"twitter:label1\" content=\"Dur\u00e9e de lecture est.\">\n\t<meta name=\"twitter:data1\" content=\"3 minutes\">\n<script type=\"application\/ld+json\" class=\"yoast-schema-graph\">{\"@context\":\"https:\/\/schema.org\",\"@graph\":[{\"@type\":\"WebSite\",\"@id\":\"https:\/\/legrenierduphotographe.fr\/#website\",\"url\":\"https:\/\/legrenierduphotographe.fr\/\",\"name\":\"Legrenierduphotographe\",\"description\":\"Grenier du photographe\",\"potentialAction\":[{\"@type\":\"SearchAction\",\"target\":\"https:\/\/legrenierduphotographe.fr\/?s={search_term_string}\",\"query-input\":\"required name=search_term_string\"}],\"inLanguage\":\"fr-FR\"},{\"@type\":\"ImageObject\",\"@id\":\"https:\/\/legrenierduphotographe.fr\/prestations\/#primaryimage\",\"inLanguage\":\"fr-FR\",\"url\":\"\/wp-content\/uploads\/2021\/09\/Kaysersberg-6-scaled.jpg\"},{\"@type\":\"WebPage\",\"@id\":\"https:\/\/legrenierduphotographe.fr\/prestations\/#webpage\",\"url\":\"https:\/\/legrenierduphotographe.fr\/prestations\/\",\"name\":\"Location g\\u00eete alsace \\u2013 activit\\u00e9s familles Kaysersberg\",\"isPartOf\":{\"@id\":\"https:\/\/legrenierduphotographe.fr\/#website\"},\"primaryImageOfPage\":{\"@id\":\"https:\/\/legrenierduphotographe.fr\/prestations\/#primaryimage\"},\"datePublished\":\"2019-09-04T14:57:03+00:00\",\"dateModified\":\"2021-09-24T14:20:22+00:00\",\"description\":\"D\\u00e9couvrez tout nos conseils ainsi que nos prestations pour passer les meilleurs vacances possible dans notre g\\u00eete alsacien \\u00e0 Kaysersberg\",\"breadcrumb\":{\"@id\":\"https:\/\/legrenierduphotographe.fr\/prestations\/#breadcrumb\"},\"inLanguage\":\"fr-FR\",\"potentialAction\":[{\"@type\":\"ReadAction\",\"target\":[\"https:\/\/legrenierduphotographe.fr\/prestations\/\"]}]},{\"@type\":\"BreadcrumbList\",\"@id\":\"https:\/\/legrenierduphotographe.fr\/prestations\/#breadcrumb\",\"itemListElement\":[{\"@type\":\"ListItem\",\"position\":1,\"item\":{\"@type\":\"WebPage\",\"@id\":\"https:\/\/legrenierduphotographe.fr\/\",\"url\":\"https:\/\/legrenierduphotographe.fr\/\",\"name\":\"Accueil\"}},{\"@type\":\"ListItem\",\"position\":2,\"item\":{\"@type\":\"WebPage\",\"@id\":\"https:\/\/legrenierduphotographe.fr\/prestations\/\",\"url\":\"https:\/\/legrenierduphotographe.fr\/prestations\/\",\"name\":\"Nos prestations\"}}]}]}<\/script>\n<!-- \/ Yoast SEO plugin. -->","_links":{"self":[{"href":"https:\/\/legrenierduphotographe.fr\/wp-json\/wp\/v2\/pages\/4"}],"collection":[{"href":"https:\/\/legrenierduphotographe.fr\/wp-json\/wp\/v2\/pages"}],"about":[{"href":"https:\/\/legrenierduphotographe.fr\/wp-json\/wp\/v2\/types\/page"}],"author":[{"embeddable":true,"href":"https:\/\/legrenierduphotographe.fr\/wp-json\/wp\/v2\/users\/1"}],"replies":[{"embeddable":true,"href":"https:\/\/legrenierduphotographe.fr\/wp-json\/wp\/v2\/comments?post=4"}],"version-history":[{"count":100,"href":"https:\/\/legrenierduphotographe.fr\/wp-json\/wp\/v2\/pages\/4\/revisions"}],"predecessor-version":[{"id":2363,"href":"https:\/\/legrenierduphotographe.fr\/wp-json\/wp\/v2\/pages\/4\/revisions\/2363"}],"wp:attachment":[{"href":"https:\/\/legrenierduphotographe.fr\/wp-json\/wp\/v2\/media?parent=4"}],"curies":[{"name":"wp","href":"https:\/\/api.w.org\/{rel}","templated":true}]}}