{"id":21,"date":"2019-09-04T14:57:03","date_gmt":"2019-09-04T14:57:03","guid":{"rendered":"https:\/\/legrenierduphotographe.fr\/?p=21"},"modified":"2021-02-26T09:08:35","modified_gmt":"2021-02-26T09:08:35","slug":"contact","status":"publish","type":"page","link":"https:\/\/legrenierduphotographe.fr\/contact\/","title":{"rendered":"Contact"},"content":{"rendered":"<h2>Par email<\/h2>\n<div>\n<p>    [contact-form-7 id=\u00a0\u00bb1604&Prime; title=\u00a0\u00bbContact\u00a0\u00bb]\n<\/p><\/div>\n<h1>O\u00f9 nous trouver<\/h1>\n<ul>\n<li>\n<div>Le Grenier du Photographe\n<\/div>\n<\/li>\n<li>\n<div>83, rue du G\u00e9n\u00e9ral de Gaulle<\/div>\n<\/li>\n<li>\n<div>68240 KAYSERSBERG Vignoble<\/div>\n<\/li>\n<li>\n<div>Nicolas M. Photographe<\/div>\n<\/li>\n<li>\n<div>\n<p>T\u00e9l : <a href=\"tel:+33633544066\">06.33.54.40.66<\/a><\/p>\n<\/div>\n<\/li>\n<li>\n<div>Mail : legrenierduphotographekb@gmail.com<\/div>\n<\/li>\n<\/ul>\n<div>\n<p>48.1396,7.26224<\/p>\n<\/div>\n<p><!-- {\"name\":\"\",\"type\":\"layout\",\"children\":[{\"type\":\"section\",\"props\":{\"style\":\"default\",\"width\":\"default\",\"vertical_align\":\"middle\",\"title_position\":\"top-left\",\"title_rotation\":\"left\",\"title_breakpoint\":\"xl\",\"image_position\":\"center-center\",\"padding\":\"none\"},\"children\":[{\"type\":\"row\",\"children\":[{\"type\":\"column\",\"props\":{\"image_position\":\"center-center\",\"media_overlay_gradient\":\"\",\"width_medium\":\"1-2\"},\"children\":[{\"type\":\"headline\",\"props\":{\"title_element\":\"h2\",\"content\":\"Par email\",\"title_style\":\"h2\"}},{\"type\":\"html\",\"props\":{\"content\":\"[contact-form-7 id=\\\"1604\\\" title=\\\"Contact\\\"]\"}}]},{\"type\":\"column\",\"props\":{\"image_position\":\"center-center\",\"media_overlay_gradient\":\"\",\"width_medium\":\"1-2\"},\"children\":[{\"type\":\"headline\",\"props\":{\"title_element\":\"h1\",\"content\":\"O\\u00f9 nous trouver\",\"title_style\":\"h2\"}},{\"type\":\"list\",\"props\":{\"show_image\":true,\"show_link\":true,\"list_element\":\"ul\",\"column_breakpoint\":\"m\",\"image_svg_color\":\"emphasis\",\"image_align\":\"left\",\"image_vertical_align\":true,\"css\":\"@media screen and (max-width: 768px){.el-element {font-size: 15px !important}}\"},\"children\":[{\"type\":\"list_item\",\"props\":{\"content\":\"Le Grenier du Photographe\\n\"}},{\"type\":\"list_item\",\"props\":{\"content\":\"83, rue du G\\u00e9n\\u00e9ral de Gaulle\"}},{\"type\":\"list_item\",\"props\":{\"content\":\"68240 KAYSERSBERG Vignoble\"}},{\"type\":\"list_item\",\"props\":{\"content\":\"Nicolas M. Photographe\"}},{\"type\":\"list_item\",\"props\":{\"content\":\"\n\n<p>T\\u00e9l : <a href=\\\"tel:+33633544066\\\">06.33.54.40.66<\\\/a><\\\/p>\"}},{\"type\":\"list_item\",\"props\":{\"content\":\"Mail : legrenierduphotographekb@gmail.com\"}}]},{\"type\":\"map\",\"props\":{\"show_title\":true,\"type\":\"roadmap\",\"zoom\":10,\"controls\":true,\"zooming\":false,\"dragging\":false},\"children\":[{\"type\":\"map_marker\",\"props\":{\"location\":\"48.1396,7.26224\",\"hide\":false}}]}]}],\"props\":{\"layout\":\"1-2,1-2\"}}]}],\"version\":\"2.3.25\"} --><\/p>\n","protected":false},"excerpt":{"rendered":"<p>Par email [contact-form-7 id=\u00a0\u00bb1604&Prime; title=\u00a0\u00bbContact\u00a0\u00bb] O\u00f9 nous trouver Le Grenier du Photographe 83, rue du G\u00e9n\u00e9ral de Gaulle 68240 KAYSERSBERG Vignoble Nicolas M. Photographe T\u00e9l : 06.33.54.40.66 Mail : legrenierduphotographekb@gmail.com 48.1396,7.26224<\/p>\n","protected":false},"author":1,"featured_media":0,"parent":0,"menu_order":2,"comment_status":"open","ping_status":"open","template":"","meta":[],"acf":[],"yoast_head":"<!-- This site is optimized with the Yoast SEO plugin v15.9 - https:\/\/yoast.com\/wordpress\/plugins\/seo\/ -->\n<title>Contact \u2013 G\u00eete \u00e0 Kayserberg Vignoble | Legrenierduphotographe<\/title>\n<meta name=\"description\" content=\"Pour r\u00e9server ou pour tout renseignement, n&#039;h\u00e9sitez pas contacter le grenier du photographe, un g\u00eete de vacances alsacien \u00e0 Kaysersberg\" \/>\n<meta name=\"robots\" content=\"index, follow, max-snippet:-1, max-image-preview:large, max-video-preview:-1\" \/>\n<link rel=\"canonical\" href=\"https:\/\/legrenierduphotographe.fr\/contact\/\" \/>\n<meta property=\"og:locale\" content=\"fr_FR\" \/>\n<meta property=\"og:type\" content=\"article\" \/>\n<meta property=\"og:title\" content=\"Contact \u2013 G\u00eete \u00e0 Kayserberg Vignoble | Legrenierduphotographe\" \/>\n<meta property=\"og:description\" content=\"Pour r\u00e9server ou pour tout renseignement, n&#039;h\u00e9sitez pas contacter le grenier du photographe, un g\u00eete de vacances alsacien \u00e0 Kaysersberg\" \/>\n<meta property=\"og:url\" content=\"https:\/\/legrenierduphotographe.fr\/contact\/\" \/>\n<meta property=\"og:site_name\" content=\"Legrenierduphotographe\" \/>\n<meta property=\"article:modified_time\" content=\"2021-02-26T09:08:35+00:00\" \/>\n<meta name=\"twitter:card\" content=\"summary_large_image\" \/>\n<script type=\"application\/ld+json\" class=\"yoast-schema-graph\">{\"@context\":\"https:\/\/schema.org\",\"@graph\":[{\"@type\":\"WebSite\",\"@id\":\"https:\/\/legrenierduphotographe.fr\/#website\",\"url\":\"https:\/\/legrenierduphotographe.fr\/\",\"name\":\"Legrenierduphotographe\",\"description\":\"Grenier du photographe\",\"potentialAction\":[{\"@type\":\"SearchAction\",\"target\":\"https:\/\/legrenierduphotographe.fr\/?s={search_term_string}\",\"query-input\":\"required name=search_term_string\"}],\"inLanguage\":\"fr-FR\"},{\"@type\":\"WebPage\",\"@id\":\"https:\/\/legrenierduphotographe.fr\/contact\/#webpage\",\"url\":\"https:\/\/legrenierduphotographe.fr\/contact\/\",\"name\":\"Contact \\u2013 G\\u00eete \\u00e0 Kayserberg Vignoble | Legrenierduphotographe\",\"isPartOf\":{\"@id\":\"https:\/\/legrenierduphotographe.fr\/#website\"},\"datePublished\":\"2019-09-04T14:57:03+00:00\",\"dateModified\":\"2021-02-26T09:08:35+00:00\",\"description\":\"Pour r\\u00e9server ou pour tout renseignement, n'h\\u00e9sitez pas contacter le grenier du photographe, un g\\u00eete de vacances alsacien \\u00e0 Kaysersberg\",\"breadcrumb\":{\"@id\":\"https:\/\/legrenierduphotographe.fr\/contact\/#breadcrumb\"},\"inLanguage\":\"fr-FR\",\"potentialAction\":[{\"@type\":\"ReadAction\",\"target\":[\"https:\/\/legrenierduphotographe.fr\/contact\/\"]}]},{\"@type\":\"BreadcrumbList\",\"@id\":\"https:\/\/legrenierduphotographe.fr\/contact\/#breadcrumb\",\"itemListElement\":[{\"@type\":\"ListItem\",\"position\":1,\"item\":{\"@type\":\"WebPage\",\"@id\":\"https:\/\/legrenierduphotographe.fr\/\",\"url\":\"https:\/\/legrenierduphotographe.fr\/\",\"name\":\"Accueil\"}},{\"@type\":\"ListItem\",\"position\":2,\"item\":{\"@type\":\"WebPage\",\"@id\":\"https:\/\/legrenierduphotographe.fr\/contact\/\",\"url\":\"https:\/\/legrenierduphotographe.fr\/contact\/\",\"name\":\"Contact\"}}]}]}<\/script>\n<!-- \/ Yoast SEO plugin. -->","_links":{"self":[{"href":"https:\/\/legrenierduphotographe.fr\/wp-json\/wp\/v2\/pages\/21"}],"collection":[{"href":"https:\/\/legrenierduphotographe.fr\/wp-json\/wp\/v2\/pages"}],"about":[{"href":"https:\/\/legrenierduphotographe.fr\/wp-json\/wp\/v2\/types\/page"}],"author":[{"embeddable":true,"href":"https:\/\/legrenierduphotographe.fr\/wp-json\/wp\/v2\/users\/1"}],"replies":[{"embeddable":true,"href":"https:\/\/legrenierduphotographe.fr\/wp-json\/wp\/v2\/comments?post=21"}],"version-history":[{"count":21,"href":"https:\/\/legrenierduphotographe.fr\/wp-json\/wp\/v2\/pages\/21\/revisions"}],"predecessor-version":[{"id":2212,"href":"https:\/\/legrenierduphotographe.fr\/wp-json\/wp\/v2\/pages\/21\/revisions\/2212"}],"wp:attachment":[{"href":"https:\/\/legrenierduphotographe.fr\/wp-json\/wp\/v2\/media?parent=21"}],"curies":[{"name":"wp","href":"https:\/\/api.w.org\/{rel}","templated":true}]}}